{"id":1882,"date":"2024-09-10T12:06:19","date_gmt":"2024-09-10T12:06:19","guid":{"rendered":"https:\/\/www.chaireearth.org\/?page_id=1882"},"modified":"2024-10-07T08:56:00","modified_gmt":"2024-10-07T08:56:00","slug":"bibliotheque-du-climat","status":"publish","type":"page","link":"https:\/\/www.chaireearth.org\/en\/bibliotheque-du-climat\/","title":{"rendered":"Biblioth\u00e8que du climat"},"content":{"rendered":"<div data-elementor-type=\"wp-page\" data-elementor-id=\"1882\" class=\"elementor elementor-1882\" data-elementor-post-type=\"page\">\n\t\t\t\t\t\t<section class=\"elementor-section elementor-top-section elementor-element elementor-element-adf3150 elementor-section-boxed elementor-section-height-default elementor-section-height-default\" data-id=\"adf3150\" data-element_type=\"section\" data-e-type=\"section\" data-settings=\"{&quot;background_background&quot;:&quot;classic&quot;}\">\n\t\t\t\t\t\t<div class=\"elementor-container elementor-column-gap-default\">\n\t\t\t\t\t<div class=\"elementor-column elementor-col-100 elementor-top-column elementor-element elementor-element-33ec768\" data-id=\"33ec768\" data-element_type=\"column\" data-e-type=\"column\">\n\t\t\t<div class=\"elementor-widget-wrap elementor-element-populated\">\n\t\t\t\t\t\t<div class=\"elementor-element elementor-element-08c9c03 elementor-widget elementor-widget-spacer\" data-id=\"08c9c03\" data-element_type=\"widget\" data-e-type=\"widget\" data-widget_type=\"spacer.default\">\n\t\t\t\t<div class=\"elementor-widget-container\">\n\t\t\t\t\t\t\t<div class=\"elementor-spacer\">\n\t\t\t<div class=\"elementor-spacer-inner\"><\/div>\n\t\t<\/div>\n\t\t\t\t\t\t<\/div>\n\t\t\t\t<\/div>\n\t\t\t\t<div class=\"elementor-element elementor-element-945ec16 elementor-widget elementor-widget-heading\" data-id=\"945ec16\" data-element_type=\"widget\" data-e-type=\"widget\" data-widget_type=\"heading.default\">\n\t\t\t\t<div class=\"elementor-widget-container\">\n\t\t\t\t\t<h1 class=\"elementor-heading-title elementor-size-default\">Biblioth\u00e8que du Climat<\/h1>\t\t\t\t<\/div>\n\t\t\t\t<\/div>\n\t\t\t\t<div class=\"elementor-element elementor-element-734c215 elementor-widget elementor-widget-text-editor\" data-id=\"734c215\" data-element_type=\"widget\" data-e-type=\"widget\" data-widget_type=\"text-editor.default\">\n\t\t\t\t<div class=\"elementor-widget-container\">\n\t\t\t\t\t\t\t\t\t<p>Chaire Earth<\/p>\t\t\t\t\t\t\t\t<\/div>\n\t\t\t\t<\/div>\n\t\t\t\t<div class=\"elementor-element elementor-element-8fed6d2 elementor-widget-divider--view-line elementor-widget elementor-widget-divider\" data-id=\"8fed6d2\" data-element_type=\"widget\" data-e-type=\"widget\" data-widget_type=\"divider.default\">\n\t\t\t\t<div class=\"elementor-widget-container\">\n\t\t\t\t\t\t\t<div class=\"elementor-divider\">\n\t\t\t<span class=\"elementor-divider-separator\">\n\t\t\t\t\t\t<\/span>\n\t\t<\/div>\n\t\t\t\t\t\t<\/div>\n\t\t\t\t<\/div>\n\t\t\t\t<div class=\"elementor-element elementor-element-8ec6cee elementor-widget elementor-widget-spacer\" data-id=\"8ec6cee\" data-element_type=\"widget\" data-e-type=\"widget\" data-widget_type=\"spacer.default\">\n\t\t\t\t<div class=\"elementor-widget-container\">\n\t\t\t\t\t\t\t<div class=\"elementor-spacer\">\n\t\t\t<div class=\"elementor-spacer-inner\"><\/div>\n\t\t<\/div>\n\t\t\t\t\t\t<\/div>\n\t\t\t\t<\/div>\n\t\t\t\t\t<\/div>\n\t\t<\/div>\n\t\t\t\t\t<\/div>\n\t\t<\/section>\n\t\t\t\t<section class=\"elementor-section elementor-top-section elementor-element elementor-element-3ddaf9b elementor-section-boxed elementor-section-height-default elementor-section-height-default\" data-id=\"3ddaf9b\" data-element_type=\"section\" data-e-type=\"section\">\n\t\t\t\t\t\t<div class=\"elementor-container elementor-column-gap-default\">\n\t\t\t\t\t<div class=\"elementor-column elementor-col-100 elementor-top-column elementor-element elementor-element-5f418e3\" data-id=\"5f418e3\" data-element_type=\"column\" data-e-type=\"column\">\n\t\t\t<div class=\"elementor-widget-wrap elementor-element-populated\">\n\t\t\t\t\t\t<div class=\"elementor-element elementor-element-081040d elementor-widget elementor-widget-spacer\" data-id=\"081040d\" data-element_type=\"widget\" data-e-type=\"widget\" data-widget_type=\"spacer.default\">\n\t\t\t\t<div class=\"elementor-widget-container\">\n\t\t\t\t\t\t\t<div class=\"elementor-spacer\">\n\t\t\t<div class=\"elementor-spacer-inner\"><\/div>\n\t\t<\/div>\n\t\t\t\t\t\t<\/div>\n\t\t\t\t<\/div>\n\t\t\t\t\t<\/div>\n\t\t<\/div>\n\t\t\t\t\t<\/div>\n\t\t<\/section>\n\t\t\t\t<section class=\"elementor-section elementor-top-section elementor-element elementor-element-4a82fba elementor-section-boxed elementor-section-height-default elementor-section-height-default\" data-id=\"4a82fba\" data-element_type=\"section\" data-e-type=\"section\">\n\t\t\t\t\t\t<div class=\"elementor-container elementor-column-gap-default\">\n\t\t\t\t\t<div class=\"elementor-column elementor-col-50 elementor-top-column elementor-element elementor-element-9bc9d9d\" data-id=\"9bc9d9d\" data-element_type=\"column\" data-e-type=\"column\">\n\t\t\t<div class=\"elementor-widget-wrap elementor-element-populated\">\n\t\t\t\t\t\t<div class=\"elementor-element elementor-element-27f6f95 elementor-widget elementor-widget-text-editor\" data-id=\"27f6f95\" data-element_type=\"widget\" data-e-type=\"widget\" data-widget_type=\"text-editor.default\">\n\t\t\t\t<div class=\"elementor-widget-container\">\n\t\t\t\t\t\t\t\t\t<p>La <span id=\"DWT4083\" class=\"ZmSearchResult\"><span id=\"DWT4134\" class=\"ZmSearchResult\"><span id=\"DWT4184\" class=\"ZmSearchResult\">Biblioth\u00e8que<\/span><\/span><\/span> du <span id=\"DWT4085\" class=\"ZmSearchResult\"><span id=\"DWT4136\" class=\"ZmSearchResult\"><span id=\"DWT4186\" class=\"ZmSearchResult\">Climat<\/span><\/span><\/span>, propos\u00e9e par la Chaire Earth et anim\u00e9e par Gaspard Lemaire, doctorant en science politique, est consacr\u00e9e \u00e0 la diffusion des connaissances relatives \u00e0 la question du d\u00e9r\u00e8glement climatique. La <span id=\"DWT4087\" class=\"ZmSearchResult\"><span id=\"DWT4138\" class=\"ZmSearchResult\"><span id=\"DWT4188\" class=\"ZmSearchResult\">Biblioth\u00e8que<\/span><\/span><\/span> propose principalement des comptes rendus qui offrent un aper\u00e7u synth\u00e9tique d&rsquo;articles ou d&rsquo;ouvrages provenant le plus souvent du monde acad\u00e9mique. Elle s&rsquo;adresse ainsi \u00e0 toutes celles et ceux qui souhaitent en apprendre davantage sur les divers aspects du d\u00e9r\u00e8glement climatique sans avoir n\u00e9cessairement le temps de parcourir les nombreux textes qui paraissent r\u00e9guli\u00e8rement sur le sujet.<\/p>\t\t\t\t\t\t\t\t<\/div>\n\t\t\t\t<\/div>\n\t\t\t\t\t<\/div>\n\t\t<\/div>\n\t\t\t\t<div class=\"elementor-column elementor-col-50 elementor-top-column elementor-element elementor-element-0b71cea\" data-id=\"0b71cea\" data-element_type=\"column\" data-e-type=\"column\">\n\t\t\t<div class=\"elementor-widget-wrap elementor-element-populated\">\n\t\t\t\t\t\t<div class=\"elementor-element elementor-element-062435c elementor-widget elementor-widget-text-editor\" data-id=\"062435c\" data-element_type=\"widget\" data-e-type=\"widget\" data-widget_type=\"text-editor.default\">\n\t\t\t\t<div class=\"elementor-widget-container\">\n\t\t\t\t\t\t\t\t\t<p>Outre l&rsquo;apport des sciences exactes, les contributions issues des sciences sociales et des humanit\u00e9s sont \u00e9galement mises \u00e0 l&rsquo;honneur. Ces champs disciplinaires apportent en effet un \u00e9clairage indispensable sur les m\u00e9canismes sociaux qui conduisent \u00e0 retarder l&rsquo;action climatique des \u00c9tats, des entreprises et des individus. Le d\u00e9r\u00e8glement du <span id=\"DWT4089\" class=\"ZmSearchResult\"><span id=\"DWT4140\" class=\"ZmSearchResult\"><span id=\"DWT4190\" class=\"ZmSearchResult\">climat<\/span><\/span><\/span> ne se r\u00e9duit en effet pas \u00e0 un simple ph\u00e9nom\u00e8ne physique. Il d\u00e9coule en derni\u00e8re instance des choix collectifs qui sont les n\u00f4tres aujourd&rsquo;hui.<\/p>\t\t\t\t\t\t\t\t<\/div>\n\t\t\t\t<\/div>\n\t\t\t\t\t<\/div>\n\t\t<\/div>\n\t\t\t\t\t<\/div>\n\t\t<\/section>\n\t\t\t\t<section class=\"elementor-section elementor-top-section elementor-element elementor-element-2e0ad5b elementor-section-boxed elementor-section-height-default elementor-section-height-default\" data-id=\"2e0ad5b\" data-element_type=\"section\" data-e-type=\"section\">\n\t\t\t\t\t\t<div class=\"elementor-container elementor-column-gap-default\">\n\t\t\t\t\t<div class=\"elementor-column elementor-col-33 elementor-top-column elementor-element elementor-element-4a73bd2\" data-id=\"4a73bd2\" data-element_type=\"column\" data-e-type=\"column\">\n\t\t\t<div class=\"elementor-widget-wrap elementor-element-populated\">\n\t\t\t\t\t\t<div class=\"elementor-element elementor-element-4dcf6fb elementor-view-default elementor-position-block-start elementor-mobile-position-block-start elementor-widget elementor-widget-icon-box\" data-id=\"4dcf6fb\" data-element_type=\"widget\" data-e-type=\"widget\" data-widget_type=\"icon-box.default\">\n\t\t\t\t<div class=\"elementor-widget-container\">\n\t\t\t\t\t\t\t<div class=\"elementor-icon-box-wrapper\">\n\n\t\t\t\t\t\t<div class=\"elementor-icon-box-icon\">\n\t\t\t\t<span  class=\"elementor-icon\">\n\t\t\t\t<i aria-hidden=\"true\" class=\"icon icon-earth\"><\/i>\t\t\t\t<\/span>\n\t\t\t<\/div>\n\t\t\t\n\t\t\t\t\t\t<div class=\"elementor-icon-box-content\">\n\n\t\t\t\t\t\t\t\t\t<h2 class=\"elementor-icon-box-title\">\n\t\t\t\t\t\t<span  >\n\t\t\t\t\t\t\tSyst\u00e8me Terre\t\t\t\t\t\t<\/span>\n\t\t\t\t\t<\/h2>\n\t\t\t\t\n\t\t\t\t\t\t\t\t\t<p class=\"elementor-icon-box-description\">\n\t\t\t\t\t\tClimatologie, Sant\u00e9, Vivant\t\t\t\t\t<\/p>\n\t\t\t\t\n\t\t\t<\/div>\n\t\t\t\n\t\t<\/div>\n\t\t\t\t\t\t<\/div>\n\t\t\t\t<\/div>\n\t\t\t\t\t<\/div>\n\t\t<\/div>\n\t\t\t\t<div class=\"elementor-column elementor-col-33 elementor-top-column elementor-element elementor-element-2d65f34\" data-id=\"2d65f34\" data-element_type=\"column\" data-e-type=\"column\">\n\t\t\t<div class=\"elementor-widget-wrap elementor-element-populated\">\n\t\t\t\t\t\t<div class=\"elementor-element elementor-element-e4b97a1 elementor-view-default elementor-position-block-start elementor-mobile-position-block-start elementor-widget elementor-widget-icon-box\" data-id=\"e4b97a1\" data-element_type=\"widget\" data-e-type=\"widget\" data-widget_type=\"icon-box.default\">\n\t\t\t\t<div class=\"elementor-widget-container\">\n\t\t\t\t\t\t\t<div class=\"elementor-icon-box-wrapper\">\n\n\t\t\t\t\t\t<div class=\"elementor-icon-box-icon\">\n\t\t\t\t<span  class=\"elementor-icon\">\n\t\t\t\t<i aria-hidden=\"true\" class=\"icon icon-users2\"><\/i>\t\t\t\t<\/span>\n\t\t\t<\/div>\n\t\t\t\n\t\t\t\t\t\t<div class=\"elementor-icon-box-content\">\n\n\t\t\t\t\t\t\t\t\t<h3 class=\"elementor-icon-box-title\">\n\t\t\t\t\t\t<span  >\n\t\t\t\t\t\t\tSciences sociales\t\t\t\t\t\t<\/span>\n\t\t\t\t\t<\/h3>\n\t\t\t\t\n\t\t\t\t\t\t\t\t\t<p class=\"elementor-icon-box-description\">\n\t\t\t\t\t\tSciences politiques, Sociologie, \u00c9conomie &amp; Finance\t\t\t\t\t<\/p>\n\t\t\t\t\n\t\t\t<\/div>\n\t\t\t\n\t\t<\/div>\n\t\t\t\t\t\t<\/div>\n\t\t\t\t<\/div>\n\t\t\t\t\t<\/div>\n\t\t<\/div>\n\t\t\t\t<div class=\"elementor-column elementor-col-33 elementor-top-column elementor-element elementor-element-9b6c4bb\" data-id=\"9b6c4bb\" data-element_type=\"column\" data-e-type=\"column\">\n\t\t\t<div class=\"elementor-widget-wrap elementor-element-populated\">\n\t\t\t\t\t\t<div class=\"elementor-element elementor-element-8e61163 elementor-view-default elementor-position-block-start elementor-mobile-position-block-start elementor-widget elementor-widget-icon-box\" data-id=\"8e61163\" data-element_type=\"widget\" data-e-type=\"widget\" data-widget_type=\"icon-box.default\">\n\t\t\t\t<div class=\"elementor-widget-container\">\n\t\t\t\t\t\t\t<div class=\"elementor-icon-box-wrapper\">\n\n\t\t\t\t\t\t<div class=\"elementor-icon-box-icon\">\n\t\t\t\t<span  class=\"elementor-icon\">\n\t\t\t\t<i aria-hidden=\"true\" class=\"icon icon-open-book1\"><\/i>\t\t\t\t<\/span>\n\t\t\t<\/div>\n\t\t\t\n\t\t\t\t\t\t<div class=\"elementor-icon-box-content\">\n\n\t\t\t\t\t\t\t\t\t<h3 class=\"elementor-icon-box-title\">\n\t\t\t\t\t\t<span  >\n\t\t\t\t\t\t\tHumanit\u00e9s\t\t\t\t\t\t<\/span>\n\t\t\t\t\t<\/h3>\n\t\t\t\t\n\t\t\t\t\t\t\t\t\t<p class=\"elementor-icon-box-description\">\n\t\t\t\t\t\tHistoire, Philosophie, Essais\t\t\t\t\t<\/p>\n\t\t\t\t\n\t\t\t<\/div>\n\t\t\t\n\t\t<\/div>\n\t\t\t\t\t\t<\/div>\n\t\t\t\t<\/div>\n\t\t\t\t\t<\/div>\n\t\t<\/div>\n\t\t\t\t\t<\/div>\n\t\t<\/section>\n\t\t\t\t<section class=\"elementor-section elementor-top-section elementor-element elementor-element-6eb2307 elementor-section-boxed elementor-section-height-default elementor-section-height-default\" data-id=\"6eb2307\" data-element_type=\"section\" data-e-type=\"section\">\n\t\t\t\t\t\t<div class=\"elementor-container elementor-column-gap-default\">\n\t\t\t\t\t<div class=\"elementor-column elementor-col-100 elementor-top-column elementor-element elementor-element-d9ab800\" data-id=\"d9ab800\" data-element_type=\"column\" data-e-type=\"column\">\n\t\t\t<div class=\"elementor-widget-wrap elementor-element-populated\">\n\t\t\t\t\t\t<div class=\"elementor-element elementor-element-59fc73d elementor-widget-divider--view-line elementor-widget elementor-widget-divider\" data-id=\"59fc73d\" data-element_type=\"widget\" data-e-type=\"widget\" data-widget_type=\"divider.default\">\n\t\t\t\t<div class=\"elementor-widget-container\">\n\t\t\t\t\t\t\t<div class=\"elementor-divider\">\n\t\t\t<span class=\"elementor-divider-separator\">\n\t\t\t\t\t\t<\/span>\n\t\t<\/div>\n\t\t\t\t\t\t<\/div>\n\t\t\t\t<\/div>\n\t\t\t\t<div class=\"elementor-element elementor-element-f0fc8ee elementor-widget elementor-widget-heading\" data-id=\"f0fc8ee\" data-element_type=\"widget\" data-e-type=\"widget\" data-widget_type=\"heading.default\">\n\t\t\t\t<div class=\"elementor-widget-container\">\n\t\t\t\t\t<h3 class=\"elementor-heading-title elementor-size-default\">Posts r\u00e9cents<\/h3>\t\t\t\t<\/div>\n\t\t\t\t<\/div>\n\t\t\t\t<div class=\"elementor-element elementor-element-13b3bd7 elementor-widget-divider--view-line elementor-widget elementor-widget-divider\" data-id=\"13b3bd7\" data-element_type=\"widget\" data-e-type=\"widget\" data-widget_type=\"divider.default\">\n\t\t\t\t<div class=\"elementor-widget-container\">\n\t\t\t\t\t\t\t<div class=\"elementor-divider\">\n\t\t\t<span class=\"elementor-divider-separator\">\n\t\t\t\t\t\t<\/span>\n\t\t<\/div>\n\t\t\t\t\t\t<\/div>\n\t\t\t\t<\/div>\n\t\t\t\t<div class=\"elementor-element elementor-element-3fc6d1b elementor-posts--align-left elementor-grid-3 elementor-grid-tablet-2 elementor-grid-mobile-1 elementor-posts--thumbnail-top elementor-card-shadow-yes elementor-posts__hover-gradient elementor-widget elementor-widget-posts\" data-id=\"3fc6d1b\" data-element_type=\"widget\" data-e-type=\"widget\" data-settings=\"{&quot;cards_row_gap&quot;:{&quot;unit&quot;:&quot;px&quot;,&quot;size&quot;:29,&quot;sizes&quot;:[]},&quot;cards_columns&quot;:&quot;3&quot;,&quot;cards_columns_tablet&quot;:&quot;2&quot;,&quot;cards_columns_mobile&quot;:&quot;1&quot;,&quot;cards_row_gap_tablet&quot;:{&quot;unit&quot;:&quot;px&quot;,&quot;size&quot;:&quot;&quot;,&quot;sizes&quot;:[]},&quot;cards_row_gap_mobile&quot;:{&quot;unit&quot;:&quot;px&quot;,&quot;size&quot;:&quot;&quot;,&quot;sizes&quot;:[]}}\" data-widget_type=\"posts.cards\">\n\t\t\t\t<div class=\"elementor-widget-container\">\n\t\t\t\t\t\t\t<div class=\"elementor-posts-container elementor-posts elementor-posts--skin-cards elementor-grid\" role=\"list\">\n\t\t\t\t<article class=\"elementor-post elementor-grid-item post-2127 post type-post status-publish format-standard has-post-thumbnail hentry category-sciences-sociales category-economie-finance\" role=\"listitem\">\n\t\t\t<div class=\"elementor-post__card\">\n\t\t\t\t<a class=\"elementor-post__thumbnail__link\" href=\"https:\/\/www.chaireearth.org\/en\/lillusion-de-la-finance-verte\/\" tabindex=\"-1\" ><div class=\"elementor-post__thumbnail\"><img fetchpriority=\"high\" decoding=\"async\" width=\"300\" height=\"203\" src=\"https:\/\/www.chaireearth.org\/wp-content\/uploads\/2024\/09\/3ca3f4_feb37f9c74c94467963b3c3957e7112fmv2-300x203.webp\" class=\"attachment-medium size-medium wp-image-2133\" alt=\"\" srcset=\"https:\/\/www.chaireearth.org\/wp-content\/uploads\/2024\/09\/3ca3f4_feb37f9c74c94467963b3c3957e7112fmv2-300x203.webp 300w, https:\/\/www.chaireearth.org\/wp-content\/uploads\/2024\/09\/3ca3f4_feb37f9c74c94467963b3c3957e7112fmv2-1024x692.webp 1024w, https:\/\/www.chaireearth.org\/wp-content\/uploads\/2024\/09\/3ca3f4_feb37f9c74c94467963b3c3957e7112fmv2-768x519.webp 768w, https:\/\/www.chaireearth.org\/wp-content\/uploads\/2024\/09\/3ca3f4_feb37f9c74c94467963b3c3957e7112fmv2-18x12.webp 18w, https:\/\/www.chaireearth.org\/wp-content\/uploads\/2024\/09\/3ca3f4_feb37f9c74c94467963b3c3957e7112fmv2.webp 1480w\" sizes=\"(max-width: 300px) 100vw, 300px\" \/><\/div><\/a>\n\t\t\t\t<div class=\"elementor-post__badge\">Sciences sociales<\/div>\n\t\t\t\t<div class=\"elementor-post__text\">\n\t\t\t\t<h3 class=\"elementor-post__title\">\n\t\t\t<a href=\"https:\/\/www.chaireearth.org\/en\/lillusion-de-la-finance-verte\/\" >\n\t\t\t\tL&rsquo;illusion de la finance verte\t\t\t<\/a>\n\t\t<\/h3>\n\t\t\n\t\t<a class=\"elementor-post__read-more\" href=\"https:\/\/www.chaireearth.org\/en\/lillusion-de-la-finance-verte\/\" aria-label=\"Read more about L&rsquo;illusion de la finance verte\" tabindex=\"-1\" >\n\t\t\tLire le post \u00bb\t\t<\/a>\n\n\t\t\t\t<\/div>\n\t\t\t\t<div class=\"elementor-post__meta-data\">\n\t\t\t\t\t<span class=\"elementor-post-date\">\n\t\t\t22\/09\/2024\t\t<\/span>\n\t\t\t\t<\/div>\n\t\t\t\t\t<\/div>\n\t\t<\/article>\n\t\t\t\t<article class=\"elementor-post elementor-grid-item post-2112 post type-post status-publish format-standard has-post-thumbnail hentry category-sciences-sociales category-economie-finance\" role=\"listitem\">\n\t\t\t<div class=\"elementor-post__card\">\n\t\t\t\t<a class=\"elementor-post__thumbnail__link\" href=\"https:\/\/www.chaireearth.org\/en\/comment-les-economistes-rechauffent-la-planete\/\" tabindex=\"-1\" ><div class=\"elementor-post__thumbnail\"><img decoding=\"async\" width=\"286\" height=\"300\" src=\"https:\/\/www.chaireearth.org\/wp-content\/uploads\/2024\/09\/3ca3f4_0e72426bac1a4410b9422eb31c13134dmv2-286x300.webp\" class=\"attachment-medium size-medium wp-image-2122\" alt=\"\" srcset=\"https:\/\/www.chaireearth.org\/wp-content\/uploads\/2024\/09\/3ca3f4_0e72426bac1a4410b9422eb31c13134dmv2-286x300.webp 286w, https:\/\/www.chaireearth.org\/wp-content\/uploads\/2024\/09\/3ca3f4_0e72426bac1a4410b9422eb31c13134dmv2-11x12.webp 11w, https:\/\/www.chaireearth.org\/wp-content\/uploads\/2024\/09\/3ca3f4_0e72426bac1a4410b9422eb31c13134dmv2.webp 616w\" sizes=\"(max-width: 286px) 100vw, 286px\" \/><\/div><\/a>\n\t\t\t\t<div class=\"elementor-post__badge\">Sciences sociales<\/div>\n\t\t\t\t<div class=\"elementor-post__text\">\n\t\t\t\t<h3 class=\"elementor-post__title\">\n\t\t\t<a href=\"https:\/\/www.chaireearth.org\/en\/comment-les-economistes-rechauffent-la-planete\/\" >\n\t\t\t\tComment les \u00e9conomistes r\u00e9chauffent la plan\u00e8te\t\t\t<\/a>\n\t\t<\/h3>\n\t\t\n\t\t<a class=\"elementor-post__read-more\" href=\"https:\/\/www.chaireearth.org\/en\/comment-les-economistes-rechauffent-la-planete\/\" aria-label=\"Read more about Comment les \u00e9conomistes r\u00e9chauffent la plan\u00e8te\" tabindex=\"-1\" >\n\t\t\tLire le post \u00bb\t\t<\/a>\n\n\t\t\t\t<\/div>\n\t\t\t\t<div class=\"elementor-post__meta-data\">\n\t\t\t\t\t<span class=\"elementor-post-date\">\n\t\t\t22\/09\/2024\t\t<\/span>\n\t\t\t\t<\/div>\n\t\t\t\t\t<\/div>\n\t\t<\/article>\n\t\t\t\t<article class=\"elementor-post elementor-grid-item post-2101 post type-post status-publish format-standard has-post-thumbnail hentry category-sciences-sociales category-economie-finance\" role=\"listitem\">\n\t\t\t<div class=\"elementor-post__card\">\n\t\t\t\t<a class=\"elementor-post__thumbnail__link\" href=\"https:\/\/www.chaireearth.org\/en\/la-croissance-verte-est-elle-un-mirage\/\" tabindex=\"-1\" ><div class=\"elementor-post__thumbnail\"><img decoding=\"async\" width=\"300\" height=\"200\" src=\"https:\/\/www.chaireearth.org\/wp-content\/uploads\/2024\/09\/3ca3f4_4ee2bd220ca741968d87054468696e6emv2-1-300x200.webp\" class=\"attachment-medium size-medium wp-image-2107\" alt=\"\" srcset=\"https:\/\/www.chaireearth.org\/wp-content\/uploads\/2024\/09\/3ca3f4_4ee2bd220ca741968d87054468696e6emv2-1-300x200.webp 300w, https:\/\/www.chaireearth.org\/wp-content\/uploads\/2024\/09\/3ca3f4_4ee2bd220ca741968d87054468696e6emv2-1-1024x684.webp 1024w, https:\/\/www.chaireearth.org\/wp-content\/uploads\/2024\/09\/3ca3f4_4ee2bd220ca741968d87054468696e6emv2-1-768x513.webp 768w, https:\/\/www.chaireearth.org\/wp-content\/uploads\/2024\/09\/3ca3f4_4ee2bd220ca741968d87054468696e6emv2-1-18x12.webp 18w, https:\/\/www.chaireearth.org\/wp-content\/uploads\/2024\/09\/3ca3f4_4ee2bd220ca741968d87054468696e6emv2-1.webp 1480w\" sizes=\"(max-width: 300px) 100vw, 300px\" \/><\/div><\/a>\n\t\t\t\t<div class=\"elementor-post__badge\">Sciences sociales<\/div>\n\t\t\t\t<div class=\"elementor-post__text\">\n\t\t\t\t<h3 class=\"elementor-post__title\">\n\t\t\t<a href=\"https:\/\/www.chaireearth.org\/en\/la-croissance-verte-est-elle-un-mirage\/\" >\n\t\t\t\tLa croissance verte est-elle un mirage ?\t\t\t<\/a>\n\t\t<\/h3>\n\t\t\n\t\t<a class=\"elementor-post__read-more\" href=\"https:\/\/www.chaireearth.org\/en\/la-croissance-verte-est-elle-un-mirage\/\" aria-label=\"Read more about La croissance verte est-elle un mirage ?\" tabindex=\"-1\" >\n\t\t\tLire le post \u00bb\t\t<\/a>\n\n\t\t\t\t<\/div>\n\t\t\t\t<div class=\"elementor-post__meta-data\">\n\t\t\t\t\t<span class=\"elementor-post-date\">\n\t\t\t22\/09\/2024\t\t<\/span>\n\t\t\t\t<\/div>\n\t\t\t\t\t<\/div>\n\t\t<\/article>\n\t\t\t\t<article class=\"elementor-post elementor-grid-item post-2095 post type-post status-publish format-standard has-post-thumbnail hentry category-sciences-sociales category-sociologie\" role=\"listitem\">\n\t\t\t<div class=\"elementor-post__card\">\n\t\t\t\t<a class=\"elementor-post__thumbnail__link\" href=\"https:\/\/www.chaireearth.org\/en\/vivre-dans-le-deni\/\" tabindex=\"-1\" ><div class=\"elementor-post__thumbnail\"><img loading=\"lazy\" decoding=\"async\" width=\"230\" height=\"300\" src=\"https:\/\/www.chaireearth.org\/wp-content\/uploads\/2024\/09\/3ca3f4_4d745d90db0040eab9844c355938fc6emv2-230x300.webp\" class=\"attachment-medium size-medium wp-image-2096\" alt=\"\" srcset=\"https:\/\/www.chaireearth.org\/wp-content\/uploads\/2024\/09\/3ca3f4_4d745d90db0040eab9844c355938fc6emv2-230x300.webp 230w, https:\/\/www.chaireearth.org\/wp-content\/uploads\/2024\/09\/3ca3f4_4d745d90db0040eab9844c355938fc6emv2-785x1024.webp 785w, https:\/\/www.chaireearth.org\/wp-content\/uploads\/2024\/09\/3ca3f4_4d745d90db0040eab9844c355938fc6emv2-768x1002.webp 768w, https:\/\/www.chaireearth.org\/wp-content\/uploads\/2024\/09\/3ca3f4_4d745d90db0040eab9844c355938fc6emv2-1178x1536.webp 1178w, https:\/\/www.chaireearth.org\/wp-content\/uploads\/2024\/09\/3ca3f4_4d745d90db0040eab9844c355938fc6emv2-9x12.webp 9w, https:\/\/www.chaireearth.org\/wp-content\/uploads\/2024\/09\/3ca3f4_4d745d90db0040eab9844c355938fc6emv2.webp 1480w\" sizes=\"(max-width: 230px) 100vw, 230px\" \/><\/div><\/a>\n\t\t\t\t<div class=\"elementor-post__badge\">Sciences sociales<\/div>\n\t\t\t\t<div class=\"elementor-post__text\">\n\t\t\t\t<h3 class=\"elementor-post__title\">\n\t\t\t<a href=\"https:\/\/www.chaireearth.org\/en\/vivre-dans-le-deni\/\" >\n\t\t\t\tVivre dans le d\u00e9ni\t\t\t<\/a>\n\t\t<\/h3>\n\t\t\n\t\t<a class=\"elementor-post__read-more\" href=\"https:\/\/www.chaireearth.org\/en\/vivre-dans-le-deni\/\" aria-label=\"Read more about Vivre dans le d\u00e9ni\" tabindex=\"-1\" >\n\t\t\tLire le post \u00bb\t\t<\/a>\n\n\t\t\t\t<\/div>\n\t\t\t\t<div class=\"elementor-post__meta-data\">\n\t\t\t\t\t<span class=\"elementor-post-date\">\n\t\t\t22\/09\/2024\t\t<\/span>\n\t\t\t\t<\/div>\n\t\t\t\t\t<\/div>\n\t\t<\/article>\n\t\t\t\t<article class=\"elementor-post elementor-grid-item post-2090 post type-post status-publish format-standard has-post-thumbnail hentry category-systeme-terre category-vivant\" role=\"listitem\">\n\t\t\t<div class=\"elementor-post__card\">\n\t\t\t\t<a class=\"elementor-post__thumbnail__link\" href=\"https:\/\/www.chaireearth.org\/en\/dereglement-climatique-et-micro-organismes\/\" tabindex=\"-1\" ><div class=\"elementor-post__thumbnail\"><img loading=\"lazy\" decoding=\"async\" width=\"300\" height=\"179\" src=\"https:\/\/www.chaireearth.org\/wp-content\/uploads\/2024\/09\/3ca3f4_73486103a4434c91a786b2f431906c89mv2-300x179.webp\" class=\"attachment-medium size-medium wp-image-2085\" alt=\"\" srcset=\"https:\/\/www.chaireearth.org\/wp-content\/uploads\/2024\/09\/3ca3f4_73486103a4434c91a786b2f431906c89mv2-300x179.webp 300w, https:\/\/www.chaireearth.org\/wp-content\/uploads\/2024\/09\/3ca3f4_73486103a4434c91a786b2f431906c89mv2-768x458.webp 768w, https:\/\/www.chaireearth.org\/wp-content\/uploads\/2024\/09\/3ca3f4_73486103a4434c91a786b2f431906c89mv2-18x12.webp 18w, https:\/\/www.chaireearth.org\/wp-content\/uploads\/2024\/09\/3ca3f4_73486103a4434c91a786b2f431906c89mv2.webp 1006w\" sizes=\"(max-width: 300px) 100vw, 300px\" \/><\/div><\/a>\n\t\t\t\t<div class=\"elementor-post__badge\">Syst\u00e8me Terre<\/div>\n\t\t\t\t<div class=\"elementor-post__text\">\n\t\t\t\t<h3 class=\"elementor-post__title\">\n\t\t\t<a href=\"https:\/\/www.chaireearth.org\/en\/dereglement-climatique-et-micro-organismes\/\" >\n\t\t\t\tD\u00e9r\u00e8glement climatique et micro-organismes\t\t\t<\/a>\n\t\t<\/h3>\n\t\t\n\t\t<a class=\"elementor-post__read-more\" href=\"https:\/\/www.chaireearth.org\/en\/dereglement-climatique-et-micro-organismes\/\" aria-label=\"Read more about D\u00e9r\u00e8glement climatique et micro-organismes\" tabindex=\"-1\" >\n\t\t\tLire le post \u00bb\t\t<\/a>\n\n\t\t\t\t<\/div>\n\t\t\t\t<div class=\"elementor-post__meta-data\">\n\t\t\t\t\t<span class=\"elementor-post-date\">\n\t\t\t22\/09\/2024\t\t<\/span>\n\t\t\t\t<\/div>\n\t\t\t\t\t<\/div>\n\t\t<\/article>\n\t\t\t\t<article class=\"elementor-post elementor-grid-item post-2075 post type-post status-publish format-standard has-post-thumbnail hentry category-systeme-terre category-vivant\" role=\"listitem\">\n\t\t\t<div class=\"elementor-post__card\">\n\t\t\t\t<a class=\"elementor-post__thumbnail__link\" href=\"https:\/\/www.chaireearth.org\/en\/vers-un-basculement-biologique-a-lechelle-du-globe\/\" tabindex=\"-1\" ><div class=\"elementor-post__thumbnail\"><img loading=\"lazy\" decoding=\"async\" width=\"300\" height=\"169\" src=\"https:\/\/www.chaireearth.org\/wp-content\/uploads\/2024\/09\/3ca3f4_fbeb56552b8244ec9007847ff65b51dbmv2-300x169.webp\" class=\"attachment-medium size-medium wp-image-2080\" alt=\"\" srcset=\"https:\/\/www.chaireearth.org\/wp-content\/uploads\/2024\/09\/3ca3f4_fbeb56552b8244ec9007847ff65b51dbmv2-300x169.webp 300w, https:\/\/www.chaireearth.org\/wp-content\/uploads\/2024\/09\/3ca3f4_fbeb56552b8244ec9007847ff65b51dbmv2-768x432.webp 768w, https:\/\/www.chaireearth.org\/wp-content\/uploads\/2024\/09\/3ca3f4_fbeb56552b8244ec9007847ff65b51dbmv2-18x10.webp 18w, https:\/\/www.chaireearth.org\/wp-content\/uploads\/2024\/09\/3ca3f4_fbeb56552b8244ec9007847ff65b51dbmv2.webp 960w\" sizes=\"(max-width: 300px) 100vw, 300px\" \/><\/div><\/a>\n\t\t\t\t<div class=\"elementor-post__badge\">Syst\u00e8me Terre<\/div>\n\t\t\t\t<div class=\"elementor-post__text\">\n\t\t\t\t<h3 class=\"elementor-post__title\">\n\t\t\t<a href=\"https:\/\/www.chaireearth.org\/en\/vers-un-basculement-biologique-a-lechelle-du-globe\/\" >\n\t\t\t\tVers un basculement biologique \u00e0 l&rsquo;\u00e9chelle du globe\t\t\t<\/a>\n\t\t<\/h3>\n\t\t\n\t\t<a class=\"elementor-post__read-more\" href=\"https:\/\/www.chaireearth.org\/en\/vers-un-basculement-biologique-a-lechelle-du-globe\/\" aria-label=\"Read more about Vers un basculement biologique \u00e0 l&rsquo;\u00e9chelle du globe\" tabindex=\"-1\" >\n\t\t\tLire le post \u00bb\t\t<\/a>\n\n\t\t\t\t<\/div>\n\t\t\t\t<div class=\"elementor-post__meta-data\">\n\t\t\t\t\t<span class=\"elementor-post-date\">\n\t\t\t22\/09\/2024\t\t<\/span>\n\t\t\t\t<\/div>\n\t\t\t\t\t<\/div>\n\t\t<\/article>\n\t\t\t\t<article class=\"elementor-post elementor-grid-item post-2067 post type-post status-publish format-standard has-post-thumbnail hentry category-sante category-vivant category-systeme-terre\" role=\"listitem\">\n\t\t\t<div class=\"elementor-post__card\">\n\t\t\t\t<a class=\"elementor-post__thumbnail__link\" href=\"https:\/\/www.chaireearth.org\/en\/une-menace-a-venir-en-provenance-du-passe\/\" tabindex=\"-1\" ><div class=\"elementor-post__thumbnail\"><img loading=\"lazy\" decoding=\"async\" width=\"300\" height=\"150\" src=\"https:\/\/www.chaireearth.org\/wp-content\/uploads\/2024\/09\/3ca3f4_66622d87eef94fa4b9d52d069e1742fbmv2-300x150.webp\" class=\"attachment-medium size-medium wp-image-2057\" alt=\"\" srcset=\"https:\/\/www.chaireearth.org\/wp-content\/uploads\/2024\/09\/3ca3f4_66622d87eef94fa4b9d52d069e1742fbmv2-300x150.webp 300w, https:\/\/www.chaireearth.org\/wp-content\/uploads\/2024\/09\/3ca3f4_66622d87eef94fa4b9d52d069e1742fbmv2-1024x512.webp 1024w, https:\/\/www.chaireearth.org\/wp-content\/uploads\/2024\/09\/3ca3f4_66622d87eef94fa4b9d52d069e1742fbmv2-768x384.webp 768w, https:\/\/www.chaireearth.org\/wp-content\/uploads\/2024\/09\/3ca3f4_66622d87eef94fa4b9d52d069e1742fbmv2-18x9.webp 18w, https:\/\/www.chaireearth.org\/wp-content\/uploads\/2024\/09\/3ca3f4_66622d87eef94fa4b9d52d069e1742fbmv2.webp 1280w\" sizes=\"(max-width: 300px) 100vw, 300px\" \/><\/div><\/a>\n\t\t\t\t<div class=\"elementor-post__badge\">Sant\u00e9<\/div>\n\t\t\t\t<div class=\"elementor-post__text\">\n\t\t\t\t<h3 class=\"elementor-post__title\">\n\t\t\t<a href=\"https:\/\/www.chaireearth.org\/en\/une-menace-a-venir-en-provenance-du-passe\/\" >\n\t\t\t\tUne menace \u00e0 venir en provenance du pass\u00e9\t\t\t<\/a>\n\t\t<\/h3>\n\t\t\n\t\t<a class=\"elementor-post__read-more\" href=\"https:\/\/www.chaireearth.org\/en\/une-menace-a-venir-en-provenance-du-passe\/\" aria-label=\"Read more about Une menace \u00e0 venir en provenance du pass\u00e9\" tabindex=\"-1\" >\n\t\t\tLire le post \u00bb\t\t<\/a>\n\n\t\t\t\t<\/div>\n\t\t\t\t<div class=\"elementor-post__meta-data\">\n\t\t\t\t\t<span class=\"elementor-post-date\">\n\t\t\t22\/09\/2024\t\t<\/span>\n\t\t\t\t<\/div>\n\t\t\t\t\t<\/div>\n\t\t<\/article>\n\t\t\t\t<article class=\"elementor-post elementor-grid-item post-2062 post type-post status-publish format-standard has-post-thumbnail hentry category-systeme-terre category-sante\" role=\"listitem\">\n\t\t\t<div class=\"elementor-post__card\">\n\t\t\t\t<a class=\"elementor-post__thumbnail__link\" href=\"https:\/\/www.chaireearth.org\/en\/rechauffement-climatique-et-temperatures-annuelles-extremes\/\" tabindex=\"-1\" ><div class=\"elementor-post__thumbnail\"><img loading=\"lazy\" decoding=\"async\" width=\"300\" height=\"219\" src=\"https:\/\/www.chaireearth.org\/wp-content\/uploads\/2024\/09\/3ca3f4_323575f3fa294c9dad40c7a9c5cb62eamv2-300x219.webp\" class=\"attachment-medium size-medium wp-image-2054\" alt=\"\" srcset=\"https:\/\/www.chaireearth.org\/wp-content\/uploads\/2024\/09\/3ca3f4_323575f3fa294c9dad40c7a9c5cb62eamv2-300x219.webp 300w, https:\/\/www.chaireearth.org\/wp-content\/uploads\/2024\/09\/3ca3f4_323575f3fa294c9dad40c7a9c5cb62eamv2-1024x747.webp 1024w, https:\/\/www.chaireearth.org\/wp-content\/uploads\/2024\/09\/3ca3f4_323575f3fa294c9dad40c7a9c5cb62eamv2-768x560.webp 768w, https:\/\/www.chaireearth.org\/wp-content\/uploads\/2024\/09\/3ca3f4_323575f3fa294c9dad40c7a9c5cb62eamv2-16x12.webp 16w, https:\/\/www.chaireearth.org\/wp-content\/uploads\/2024\/09\/3ca3f4_323575f3fa294c9dad40c7a9c5cb62eamv2.webp 1480w\" sizes=\"(max-width: 300px) 100vw, 300px\" \/><\/div><\/a>\n\t\t\t\t<div class=\"elementor-post__badge\">Syst\u00e8me Terre<\/div>\n\t\t\t\t<div class=\"elementor-post__text\">\n\t\t\t\t<h3 class=\"elementor-post__title\">\n\t\t\t<a href=\"https:\/\/www.chaireearth.org\/en\/rechauffement-climatique-et-temperatures-annuelles-extremes\/\" >\n\t\t\t\tR\u00e9chauffement climatique et temp\u00e9ratures annuelles extr\u00eames\t\t\t<\/a>\n\t\t<\/h3>\n\t\t\n\t\t<a class=\"elementor-post__read-more\" href=\"https:\/\/www.chaireearth.org\/en\/rechauffement-climatique-et-temperatures-annuelles-extremes\/\" aria-label=\"Read more about R\u00e9chauffement climatique et temp\u00e9ratures annuelles extr\u00eames\" tabindex=\"-1\" >\n\t\t\tLire le post \u00bb\t\t<\/a>\n\n\t\t\t\t<\/div>\n\t\t\t\t<div class=\"elementor-post__meta-data\">\n\t\t\t\t\t<span class=\"elementor-post-date\">\n\t\t\t22\/09\/2024\t\t<\/span>\n\t\t\t\t<\/div>\n\t\t\t\t\t<\/div>\n\t\t<\/article>\n\t\t\t\t<article class=\"elementor-post elementor-grid-item post-2044 post type-post status-publish format-standard has-post-thumbnail hentry category-systeme-terre category-sante\" role=\"listitem\">\n\t\t\t<div class=\"elementor-post__card\">\n\t\t\t\t<a class=\"elementor-post__thumbnail__link\" href=\"https:\/\/www.chaireearth.org\/en\/plus-de-la-moitie-des-maladies-infectieuses-connues-aggravees-par-le-rechauffement-climatique\/\" tabindex=\"-1\" ><div class=\"elementor-post__thumbnail\"><img loading=\"lazy\" decoding=\"async\" width=\"300\" height=\"200\" src=\"https:\/\/www.chaireearth.org\/wp-content\/uploads\/2024\/09\/3ca3f4_c500dd90568e41af9e8d92e9ddba654cmv2-300x200.webp\" class=\"attachment-medium size-medium wp-image-2049\" alt=\"\" srcset=\"https:\/\/www.chaireearth.org\/wp-content\/uploads\/2024\/09\/3ca3f4_c500dd90568e41af9e8d92e9ddba654cmv2-300x200.webp 300w, https:\/\/www.chaireearth.org\/wp-content\/uploads\/2024\/09\/3ca3f4_c500dd90568e41af9e8d92e9ddba654cmv2-1024x682.webp 1024w, https:\/\/www.chaireearth.org\/wp-content\/uploads\/2024\/09\/3ca3f4_c500dd90568e41af9e8d92e9ddba654cmv2-768x512.webp 768w, https:\/\/www.chaireearth.org\/wp-content\/uploads\/2024\/09\/3ca3f4_c500dd90568e41af9e8d92e9ddba654cmv2-18x12.webp 18w, https:\/\/www.chaireearth.org\/wp-content\/uploads\/2024\/09\/3ca3f4_c500dd90568e41af9e8d92e9ddba654cmv2.webp 1480w\" sizes=\"(max-width: 300px) 100vw, 300px\" \/><\/div><\/a>\n\t\t\t\t<div class=\"elementor-post__badge\">Syst\u00e8me Terre<\/div>\n\t\t\t\t<div class=\"elementor-post__text\">\n\t\t\t\t<h3 class=\"elementor-post__title\">\n\t\t\t<a href=\"https:\/\/www.chaireearth.org\/en\/plus-de-la-moitie-des-maladies-infectieuses-connues-aggravees-par-le-rechauffement-climatique\/\" >\n\t\t\t\tPlus de la moiti\u00e9 des maladies infectieuses connues aggrav\u00e9es par le r\u00e9chauffement climatique\t\t\t<\/a>\n\t\t<\/h3>\n\t\t\n\t\t<a class=\"elementor-post__read-more\" href=\"https:\/\/www.chaireearth.org\/en\/plus-de-la-moitie-des-maladies-infectieuses-connues-aggravees-par-le-rechauffement-climatique\/\" aria-label=\"Read more about Plus de la moiti\u00e9 des maladies infectieuses connues aggrav\u00e9es par le r\u00e9chauffement climatique\" tabindex=\"-1\" >\n\t\t\tLire le post \u00bb\t\t<\/a>\n\n\t\t\t\t<\/div>\n\t\t\t\t<div class=\"elementor-post__meta-data\">\n\t\t\t\t\t<span class=\"elementor-post-date\">\n\t\t\t22\/09\/2024\t\t<\/span>\n\t\t\t\t<\/div>\n\t\t\t\t\t<\/div>\n\t\t<\/article>\n\t\t\t\t<\/div>\n\t\t\n\t\t\t\t\t\t<\/div>\n\t\t\t\t<\/div>\n\t\t\t\t<div class=\"elementor-element elementor-element-d048f67 elementor-widget elementor-widget-spacer\" data-id=\"d048f67\" data-element_type=\"widget\" data-e-type=\"widget\" data-widget_type=\"spacer.default\">\n\t\t\t\t<div class=\"elementor-widget-container\">\n\t\t\t\t\t\t\t<div class=\"elementor-spacer\">\n\t\t\t<div class=\"elementor-spacer-inner\"><\/div>\n\t\t<\/div>\n\t\t\t\t\t\t<\/div>\n\t\t\t\t<\/div>\n\t\t\t\t\t<\/div>\n\t\t<\/div>\n\t\t\t\t\t<\/div>\n\t\t<\/section>\n\t\t\t\t<\/div>","protected":false},"excerpt":{"rendered":"<p>Biblioth\u00e8que<\/p>","protected":false},"author":4,"featured_media":0,"parent":0,"menu_order":0,"comment_status":"closed","ping_status":"closed","template":"","meta":{"site-sidebar-layout":"no-sidebar","site-content-layout":"page-builder","ast-site-content-layout":"full-width-container","site-content-style":"default","site-sidebar-style":"default","ast-global-header-display":"","ast-banner-title-visibility":"","ast-main-header-display":"","ast-hfb-above-header-display":"","ast-hfb-below-header-display":"","ast-hfb-mobile-header-display":"","site-post-title":"disabled","ast-breadcrumbs-content":"","ast-featured-img":"disabled","footer-sml-layout":"","ast-disable-related-posts":"","theme-transparent-header-meta":"","adv-header-id-meta":"","stick-header-meta":"","header-above-stick-meta":"","header-main-stick-meta":"","header-below-stick-meta":"","astra-migrate-meta-layouts":"set","ast-page-background-enabled":"default","ast-page-background-meta":{"desktop":{"background-color":"var(--ast-global-color-4)","background-image":"","background-repeat":"repeat","background-position":"center center","background-size":"auto","background-attachment":"scroll","background-type":"","background-media":"","overlay-type":"","overlay-color":"","overlay-opacity":"","overlay-gradient":""},"tablet":{"background-color":"","background-image":"","background-repeat":"repeat","background-position":"center center","background-size":"auto","background-attachment":"scroll","background-type":"","background-media":"","overlay-type":"","overlay-color":"","overlay-opacity":"","overlay-gradient":""},"mobile":{"background-color":"","background-image":"","background-repeat":"repeat","background-position":"center center","background-size":"auto","background-attachment":"scroll","background-type":"","background-media":"","overlay-type":"","overlay-color":"","overlay-opacity":"","overlay-gradient":""}},"ast-content-background-meta":{"desktop":{"background-color":"var(--ast-global-color-5)","background-image":"","background-repeat":"repeat","background-position":"center center","background-size":"auto","background-attachment":"scroll","background-type":"","background-media":"","overlay-type":"","overlay-color":"","overlay-opacity":"","overlay-gradient":""},"tablet":{"background-color":"var(--ast-global-color-5)","background-image":"","background-repeat":"repeat","background-position":"center center","background-size":"auto","background-attachment":"scroll","background-type":"","background-media":"","overlay-type":"","overlay-color":"","overlay-opacity":"","overlay-gradient":""},"mobile":{"background-color":"var(--ast-global-color-5)","background-image":"","background-repeat":"repeat","background-position":"center center","background-size":"auto","background-attachment":"scroll","background-type":"","background-media":"","overlay-type":"","overlay-color":"","overlay-opacity":"","overlay-gradient":""}},"footnotes":""},"class_list":["post-1882","page","type-page","status-publish","hentry"],"yoast_head":"<!-- This site is optimized with the Yoast SEO plugin v27.5 - https:\/\/yoast.com\/product\/yoast-seo-wordpress\/ -->\n<title>Biblioth\u00e8que du climat | Chaire Earth<\/title>\n<meta name=\"robots\" content=\"index, follow, max-snippet:-1, max-image-preview:large, max-video-preview:-1\" \/>\n<link rel=\"canonical\" href=\"https:\/\/www.chaireearth.org\/en\/bibliotheque-du-climat\/\" \/>\n<meta property=\"og:locale\" content=\"en_GB\" \/>\n<meta property=\"og:type\" content=\"article\" \/>\n<meta property=\"og:title\" content=\"Biblioth\u00e8que du climat | Chaire Earth\" \/>\n<meta property=\"og:description\" content=\"Biblioth\u00e8que\" \/>\n<meta property=\"og:url\" content=\"https:\/\/www.chaireearth.org\/en\/bibliotheque-du-climat\/\" \/>\n<meta property=\"og:site_name\" content=\"Chaire Earth\" \/>\n<meta property=\"article:modified_time\" content=\"2024-10-07T08:56:00+00:00\" \/>\n<meta property=\"og:image\" content=\"https:\/\/www.chaireearth.org\/wp-content\/uploads\/2023\/04\/Capture-decran-2023-04-27-a-12.52.02.png\" \/>\n\t<meta property=\"og:image:width\" content=\"572\" \/>\n\t<meta property=\"og:image:height\" content=\"297\" \/>\n\t<meta property=\"og:image:type\" content=\"image\/png\" \/>\n<meta name=\"twitter:card\" content=\"summary_large_image\" \/>\n<meta name=\"twitter:label1\" content=\"Estimated reading time\" \/>\n\t<meta name=\"twitter:data1\" content=\"4 minutes\" \/>\n<script type=\"application\/ld+json\" class=\"yoast-schema-graph\">{\"@context\":\"https:\\\/\\\/schema.org\",\"@graph\":[{\"@type\":\"WebPage\",\"@id\":\"https:\\\/\\\/www.chaireearth.org\\\/bibliotheque-du-climat\\\/\",\"url\":\"https:\\\/\\\/www.chaireearth.org\\\/bibliotheque-du-climat\\\/\",\"name\":\"Biblioth\u00e8que du climat | Chaire Earth\",\"isPartOf\":{\"@id\":\"https:\\\/\\\/www.chaireearth.org\\\/#website\"},\"datePublished\":\"2024-09-10T12:06:19+00:00\",\"dateModified\":\"2024-10-07T08:56:00+00:00\",\"breadcrumb\":{\"@id\":\"https:\\\/\\\/www.chaireearth.org\\\/bibliotheque-du-climat\\\/#breadcrumb\"},\"inLanguage\":\"en-GB\",\"potentialAction\":[{\"@type\":\"ReadAction\",\"target\":[\"https:\\\/\\\/www.chaireearth.org\\\/bibliotheque-du-climat\\\/\"]}]},{\"@type\":\"BreadcrumbList\",\"@id\":\"https:\\\/\\\/www.chaireearth.org\\\/bibliotheque-du-climat\\\/#breadcrumb\",\"itemListElement\":[{\"@type\":\"ListItem\",\"position\":1,\"name\":\"Accueil\",\"item\":\"https:\\\/\\\/www.chaireearth.org\\\/\"},{\"@type\":\"ListItem\",\"position\":2,\"name\":\"Biblioth\u00e8que du climat\"}]},{\"@type\":\"WebSite\",\"@id\":\"https:\\\/\\\/www.chaireearth.org\\\/#website\",\"url\":\"https:\\\/\\\/www.chaireearth.org\\\/\",\"name\":\"Chaire Earth\",\"description\":\"Chaire Earth Projet\",\"publisher\":{\"@id\":\"https:\\\/\\\/www.chaireearth.org\\\/#organization\"},\"potentialAction\":[{\"@type\":\"SearchAction\",\"target\":{\"@type\":\"EntryPoint\",\"urlTemplate\":\"https:\\\/\\\/www.chaireearth.org\\\/?s={search_term_string}\"},\"query-input\":{\"@type\":\"PropertyValueSpecification\",\"valueRequired\":true,\"valueName\":\"search_term_string\"}}],\"inLanguage\":\"en-GB\"},{\"@type\":\"Organization\",\"@id\":\"https:\\\/\\\/www.chaireearth.org\\\/#organization\",\"name\":\"Chair Earth\",\"url\":\"https:\\\/\\\/www.chaireearth.org\\\/\",\"logo\":{\"@type\":\"ImageObject\",\"inLanguage\":\"en-GB\",\"@id\":\"https:\\\/\\\/www.chaireearth.org\\\/#\\\/schema\\\/logo\\\/image\\\/\",\"url\":\"https:\\\/\\\/www.chaireearth.org\\\/wp-content\\\/uploads\\\/2023\\\/04\\\/Capture-decran-2023-04-27-a-12.52.02.png\",\"contentUrl\":\"https:\\\/\\\/www.chaireearth.org\\\/wp-content\\\/uploads\\\/2023\\\/04\\\/Capture-decran-2023-04-27-a-12.52.02.png\",\"width\":572,\"height\":297,\"caption\":\"Chair Earth\"},\"image\":{\"@id\":\"https:\\\/\\\/www.chaireearth.org\\\/#\\\/schema\\\/logo\\\/image\\\/\"}}]}<\/script>\n<!-- \/ Yoast SEO plugin. -->","yoast_head_json":{"title":"Biblioth\u00e8que du climat | Chaire Earth","robots":{"index":"index","follow":"follow","max-snippet":"max-snippet:-1","max-image-preview":"max-image-preview:large","max-video-preview":"max-video-preview:-1"},"canonical":"https:\/\/www.chaireearth.org\/en\/bibliotheque-du-climat\/","og_locale":"en_GB","og_type":"article","og_title":"Biblioth\u00e8que du climat | Chaire Earth","og_description":"Biblioth\u00e8que","og_url":"https:\/\/www.chaireearth.org\/en\/bibliotheque-du-climat\/","og_site_name":"Chaire Earth","article_modified_time":"2024-10-07T08:56:00+00:00","og_image":[{"width":572,"height":297,"url":"https:\/\/www.chaireearth.org\/wp-content\/uploads\/2023\/04\/Capture-decran-2023-04-27-a-12.52.02.png","type":"image\/png"}],"twitter_card":"summary_large_image","twitter_misc":{"Estimated reading time":"4 minutes"},"schema":{"@context":"https:\/\/schema.org","@graph":[{"@type":"WebPage","@id":"https:\/\/www.chaireearth.org\/bibliotheque-du-climat\/","url":"https:\/\/www.chaireearth.org\/bibliotheque-du-climat\/","name":"Biblioth\u00e8que du climat | Chaire Earth","isPartOf":{"@id":"https:\/\/www.chaireearth.org\/#website"},"datePublished":"2024-09-10T12:06:19+00:00","dateModified":"2024-10-07T08:56:00+00:00","breadcrumb":{"@id":"https:\/\/www.chaireearth.org\/bibliotheque-du-climat\/#breadcrumb"},"inLanguage":"en-GB","potentialAction":[{"@type":"ReadAction","target":["https:\/\/www.chaireearth.org\/bibliotheque-du-climat\/"]}]},{"@type":"BreadcrumbList","@id":"https:\/\/www.chaireearth.org\/bibliotheque-du-climat\/#breadcrumb","itemListElement":[{"@type":"ListItem","position":1,"name":"Accueil","item":"https:\/\/www.chaireearth.org\/"},{"@type":"ListItem","position":2,"name":"Biblioth\u00e8que du climat"}]},{"@type":"WebSite","@id":"https:\/\/www.chaireearth.org\/#website","url":"https:\/\/www.chaireearth.org\/","name":"Chaire Earth","description":"Chaire Earth Project","publisher":{"@id":"https:\/\/www.chaireearth.org\/#organization"},"potentialAction":[{"@type":"SearchAction","target":{"@type":"EntryPoint","urlTemplate":"https:\/\/www.chaireearth.org\/?s={search_term_string}"},"query-input":{"@type":"PropertyValueSpecification","valueRequired":true,"valueName":"search_term_string"}}],"inLanguage":"en-GB"},{"@type":"Organization","@id":"https:\/\/www.chaireearth.org\/#organization","name":"Chair Earth","url":"https:\/\/www.chaireearth.org\/","logo":{"@type":"ImageObject","inLanguage":"en-GB","@id":"https:\/\/www.chaireearth.org\/#\/schema\/logo\/image\/","url":"https:\/\/www.chaireearth.org\/wp-content\/uploads\/2023\/04\/Capture-decran-2023-04-27-a-12.52.02.png","contentUrl":"https:\/\/www.chaireearth.org\/wp-content\/uploads\/2023\/04\/Capture-decran-2023-04-27-a-12.52.02.png","width":572,"height":297,"caption":"Chair Earth"},"image":{"@id":"https:\/\/www.chaireearth.org\/#\/schema\/logo\/image\/"}}]}},"_links":{"self":[{"href":"https:\/\/www.chaireearth.org\/en\/wp-json\/wp\/v2\/pages\/1882","targetHints":{"allow":["GET"]}}],"collection":[{"href":"https:\/\/www.chaireearth.org\/en\/wp-json\/wp\/v2\/pages"}],"about":[{"href":"https:\/\/www.chaireearth.org\/en\/wp-json\/wp\/v2\/types\/page"}],"author":[{"embeddable":true,"href":"https:\/\/www.chaireearth.org\/en\/wp-json\/wp\/v2\/users\/4"}],"replies":[{"embeddable":true,"href":"https:\/\/www.chaireearth.org\/en\/wp-json\/wp\/v2\/comments?post=1882"}],"version-history":[{"count":34,"href":"https:\/\/www.chaireearth.org\/en\/wp-json\/wp\/v2\/pages\/1882\/revisions"}],"predecessor-version":[{"id":2339,"href":"https:\/\/www.chaireearth.org\/en\/wp-json\/wp\/v2\/pages\/1882\/revisions\/2339"}],"wp:attachment":[{"href":"https:\/\/www.chaireearth.org\/en\/wp-json\/wp\/v2\/media?parent=1882"}],"curies":[{"name":"wp","href":"https:\/\/api.w.org\/{rel}","templated":true}]}}