{"id":2812,"date":"2025-04-18T09:30:14","date_gmt":"2025-04-18T09:30:14","guid":{"rendered":"https:\/\/www.chaireearth.org\/?page_id=2812"},"modified":"2025-09-29T14:23:07","modified_gmt":"2025-09-29T14:23:07","slug":"responsables-de-la-chaire","status":"publish","type":"page","link":"https:\/\/www.chaireearth.org\/en\/responsables-de-la-chaire\/","title":{"rendered":"Responsables de la Chaire"},"content":{"rendered":"<div data-elementor-type=\"wp-page\" data-elementor-id=\"2812\" class=\"elementor elementor-2812\" data-elementor-post-type=\"page\">\n\t\t\t\t\t\t<section class=\"elementor-section elementor-top-section elementor-element elementor-element-eee7a56 elementor-section-boxed elementor-section-height-default elementor-section-height-default\" data-id=\"eee7a56\" data-element_type=\"section\" data-e-type=\"section\" data-settings=\"{&quot;background_background&quot;:&quot;classic&quot;}\">\n\t\t\t\t\t\t<div class=\"elementor-container elementor-column-gap-default\">\n\t\t\t\t\t<div class=\"elementor-column elementor-col-100 elementor-top-column elementor-element elementor-element-c6ecc14\" data-id=\"c6ecc14\" data-element_type=\"column\" data-e-type=\"column\">\n\t\t\t<div class=\"elementor-widget-wrap elementor-element-populated\">\n\t\t\t\t\t\t<div class=\"elementor-element elementor-element-b747873 elementor-widget elementor-widget-spacer\" data-id=\"b747873\" data-element_type=\"widget\" data-e-type=\"widget\" data-widget_type=\"spacer.default\">\n\t\t\t\t<div class=\"elementor-widget-container\">\n\t\t\t\t\t\t\t<div class=\"elementor-spacer\">\n\t\t\t<div class=\"elementor-spacer-inner\"><\/div>\n\t\t<\/div>\n\t\t\t\t\t\t<\/div>\n\t\t\t\t<\/div>\n\t\t\t\t<div class=\"elementor-element elementor-element-1f7bdad elementor-widget elementor-widget-heading\" data-id=\"1f7bdad\" data-element_type=\"widget\" data-e-type=\"widget\" data-widget_type=\"heading.default\">\n\t\t\t\t<div class=\"elementor-widget-container\">\n\t\t\t\t\t<h1 class=\"elementor-heading-title elementor-size-default\">Responsables de la Chaire<\/h1>\t\t\t\t<\/div>\n\t\t\t\t<\/div>\n\t\t\t\t<div class=\"elementor-element elementor-element-1f0a5f6 elementor-widget elementor-widget-text-editor\" data-id=\"1f0a5f6\" data-element_type=\"widget\" data-e-type=\"widget\" data-widget_type=\"text-editor.default\">\n\t\t\t\t<div class=\"elementor-widget-container\">\n\t\t\t\t\t\t\t\t\t<p>Gouvernance<\/p>\t\t\t\t\t\t\t\t<\/div>\n\t\t\t\t<\/div>\n\t\t\t\t<div class=\"elementor-element elementor-element-cbabdf9 elementor-widget-divider--view-line elementor-widget elementor-widget-divider\" data-id=\"cbabdf9\" data-element_type=\"widget\" data-e-type=\"widget\" data-widget_type=\"divider.default\">\n\t\t\t\t<div class=\"elementor-widget-container\">\n\t\t\t\t\t\t\t<div class=\"elementor-divider\">\n\t\t\t<span class=\"elementor-divider-separator\">\n\t\t\t\t\t\t<\/span>\n\t\t<\/div>\n\t\t\t\t\t\t<\/div>\n\t\t\t\t<\/div>\n\t\t\t\t<div class=\"elementor-element elementor-element-5f36bb1 elementor-widget elementor-widget-spacer\" data-id=\"5f36bb1\" data-element_type=\"widget\" data-e-type=\"widget\" data-widget_type=\"spacer.default\">\n\t\t\t\t<div class=\"elementor-widget-container\">\n\t\t\t\t\t\t\t<div class=\"elementor-spacer\">\n\t\t\t<div class=\"elementor-spacer-inner\"><\/div>\n\t\t<\/div>\n\t\t\t\t\t\t<\/div>\n\t\t\t\t<\/div>\n\t\t\t\t\t<\/div>\n\t\t<\/div>\n\t\t\t\t\t<\/div>\n\t\t<\/section>\n\t\t\t\t<section class=\"elementor-section elementor-top-section elementor-element elementor-element-c959164 elementor-section-boxed elementor-section-height-default elementor-section-height-default\" data-id=\"c959164\" data-element_type=\"section\" data-e-type=\"section\">\n\t\t\t\t\t\t<div class=\"elementor-container elementor-column-gap-default\">\n\t\t\t\t\t<div class=\"elementor-column elementor-col-100 elementor-top-column elementor-element elementor-element-a79445d\" data-id=\"a79445d\" data-element_type=\"column\" data-e-type=\"column\">\n\t\t\t<div class=\"elementor-widget-wrap elementor-element-populated\">\n\t\t\t\t\t\t<div class=\"elementor-element elementor-element-289ccc8 elementor-widget elementor-widget-spacer\" data-id=\"289ccc8\" data-element_type=\"widget\" data-e-type=\"widget\" data-widget_type=\"spacer.default\">\n\t\t\t\t<div class=\"elementor-widget-container\">\n\t\t\t\t\t\t\t<div class=\"elementor-spacer\">\n\t\t\t<div class=\"elementor-spacer-inner\"><\/div>\n\t\t<\/div>\n\t\t\t\t\t\t<\/div>\n\t\t\t\t<\/div>\n\t\t\t\t\t<\/div>\n\t\t<\/div>\n\t\t\t\t\t<\/div>\n\t\t<\/section>\n\t\t\t\t<section class=\"elementor-section elementor-top-section elementor-element elementor-element-0515ec3 elementor-section-boxed elementor-section-height-default elementor-section-height-default\" data-id=\"0515ec3\" data-element_type=\"section\" data-e-type=\"section\">\n\t\t\t\t\t\t<div class=\"elementor-container elementor-column-gap-default\">\n\t\t\t\t\t<div class=\"elementor-column elementor-col-50 elementor-top-column elementor-element elementor-element-97eff1a\" data-id=\"97eff1a\" data-element_type=\"column\" data-e-type=\"column\">\n\t\t\t<div class=\"elementor-widget-wrap elementor-element-populated\">\n\t\t\t\t\t\t<div class=\"elementor-element elementor-element-e4ee849 elementor-widget elementor-widget-elementskit-team\" data-id=\"e4ee849\" data-element_type=\"widget\" data-e-type=\"widget\" data-widget_type=\"elementskit-team.default\">\n\t\t\t\t<div class=\"elementor-widget-container\">\n\t\t\t\t\t<div class=\"ekit-wid-con\">\t\t <div class=\"profile-square-v\"> \t\t\t\t\t\t\n\t\t<div class=\"profile-card elementor-animation- text-center ekit-team-style-centered_style\">\n\t\t\t\t\t\t\t<a aria-label=\"profile\" href=\"javascript:void(0)\" data-mfp-src=\"#ekit_team_modal_e4ee849_2812\" class=\"ekit-team-popup\">\n\t\t\t\n\t\t\t\t<div class=\"profile-header ekit-team-img\"  data-toggle=\"modal\" data-target=\"ekit_team_modal_#e4ee849_2812\" >\n\t\t\t\t\t<img fetchpriority=\"high\" decoding=\"async\" width=\"400\" height=\"400\" src=\"https:\/\/www.chaireearth.org\/wp-content\/uploads\/2023\/06\/Francois-HOURMANT-Portrait.png\" class=\"attachment-large size-large wp-image-748\" alt=\"Franc\u0327ois HOURMANT - Portrait\" srcset=\"https:\/\/www.chaireearth.org\/wp-content\/uploads\/2023\/06\/Francois-HOURMANT-Portrait.png 400w, https:\/\/www.chaireearth.org\/wp-content\/uploads\/2023\/06\/Francois-HOURMANT-Portrait-300x300.png 300w, https:\/\/www.chaireearth.org\/wp-content\/uploads\/2023\/06\/Francois-HOURMANT-Portrait-150x150.png 150w\" sizes=\"(max-width: 400px) 100vw, 400px\" \/>\t\t\t\t<\/div><!-- .profile-header END -->\n\t\t\t\t\t\t\t<\/a>\n\t\t\t\n\n\t\t\t\t<div class=\"profile-body\">\n\t\t\t\t\t\n\t\t\t\t\t<h2 class=\"profile-title\">\n\t\t\t\t\t\t\t\t\t\t\t<a aria-label=\"profile\" href=\"javascript:void(0)\" data-mfp-src=\"#ekit_team_modal_e4ee849_2812\" class=\"ekit-team-popup\">\n\t\t\t\t\t\tFran\u00e7ois HOURMANT\t\t\t\t\t\t<\/a>\n\t\t\t\t\t\t\t\t\t\t\t<\/h2>\n\t\t\t\t\t<p class=\"profile-designation\">Professeur en science politique, Directeur du Centre Jean Bodin, coordonnateur de la chaire Earth<\/p>\n\t\t\t\t\t\t\t\t\t<\/div><!-- .profile-body END -->\n\n\t\t\t\t\t\t\t\t\t<div class=\"profile-footer\">\n\t\t\t\t\t\t<ul class=\"ekit-team-social-list\">\n\t\t\t<li class=\"elementor-repeater-item-e5b1321\">\n\t\t\t<a href=\"https:\/\/twitter.com\/HourmantF\" target=\"_blank\" rel=\"nofollow\" aria-label=\"Twitter\">\n\t\t\t\t<i aria-hidden=\"true\" class=\"icon icon-twitter\"><\/i>\t\t\t<\/a>\n\t\t<\/li>\n\t\t\t<li class=\"elementor-repeater-item-0226d3e\">\n\t\t\t<a href=\"https:\/\/drive.google.com\/file\/d\/1cgeJ1Zn2l3johNeG6f7ibcbrYeW0tOHP\/view?usp=sharing\" target=\"_blank\" aria-label=\"CV\">\n\t\t\t\t<i aria-hidden=\"true\" class=\"icon icon-open-book\"><\/i>\t\t\t<\/a>\n\t\t<\/li>\n\t<\/ul>\n\t\t\t\t\t<\/div>\n\t\t\t\t\t\t\t\t\t<\/div>\n\t\t\t\t <\/div> \t\t\t\n\t\t\t\n\t\t\t\t\t<div class=\"zoom-anim-dialog mfp-hide elementskit-team-popup team-popup-id-e4ee849\" id=\"ekit_team_modal_e4ee849_2812\" tabindex=\"-1\" role=\"dialog\" aria-modal=\"true\">\n\t\t\t\t<div class=\"modal-dialog modal-dialog-centered\" role=\"document\">\n\t\t\t\t\t<div class=\"modal-content\">\n\t\t\t\t\t\t<button type=\"button\" class=\"ekit-team-modal-close\">\n\t\t\t\t\t\t\t<i aria-hidden=\"true\" class=\"fas fa-times\"><\/i>\t\t\t\t\t\t<\/button>\n\n\t\t\t\t\t\t<div class=\"modal-body\">\n\t\t\t\t\t\t\t\t\t\t\t\t\t\t\t<div class=\"ekit-team-modal-img\">\n\t\t\t\t\t\t\t\t\t<img fetchpriority=\"high\" decoding=\"async\" width=\"400\" height=\"400\" src=\"https:\/\/www.chaireearth.org\/wp-content\/uploads\/2023\/06\/Francois-HOURMANT-Portrait.png\" class=\"attachment-large size-large wp-image-748\" alt=\"Franc\u0327ois HOURMANT - Portrait\" srcset=\"https:\/\/www.chaireearth.org\/wp-content\/uploads\/2023\/06\/Francois-HOURMANT-Portrait.png 400w, https:\/\/www.chaireearth.org\/wp-content\/uploads\/2023\/06\/Francois-HOURMANT-Portrait-300x300.png 300w, https:\/\/www.chaireearth.org\/wp-content\/uploads\/2023\/06\/Francois-HOURMANT-Portrait-150x150.png 150w\" sizes=\"(max-width: 400px) 100vw, 400px\" \/>\t\t\t\t\t\t\t\t<\/div>\n\t\t\t\t\t\t\t\n\t\t\t\t\t\t\t<div class=\"ekit-team-modal-info has-img\">\n\t\t\t\t\t\t\t\t<h2 class=\"ekit-team-modal-title\">Fran\u00e7ois HOURMANT<\/h2>\n\t\t\t\t\t\t\t\t<p class=\"ekit-team-modal-position\">Professeur en science politique, Directeur du Centre Jean Bodin, coordonnateur de la chaire Earth<\/p>\n\n\t\t\t\t\t\t\t\t<div class=\"ekit-team-modal-content\">\n\t\t\t\t\t\t\t\t\tFran\u00e7ois Hourmant, historien et politiste, travaille sur les repr\u00e9sentations politiques. Il s\u2019int\u00e9resse notamment \u00e0 la socio-histoire des intellectuels, \u00e0 la question du corps  et \u00e0 la bio-politique.\t\t\t\t\t\t\t\t<\/div>\n\n\t\t\t\t\t\t\t\t\t\t\t\t\t\t\t\t\t<ul class=\"ekit-team-modal-list\">\n\t\t\t\t\t\t\t\t\t\t\n\t\t\t\t\t\t\t\t\t\t\t\t\t\t\t\t\t\t\t\t\t<li><strong>Email:<\/strong><a href=\"mailto:francois.hourmant@univ-angers.fr\">francois.hourmant@univ-angers.fr<\/a><\/li>\n\t\t\t\t\t\t\t\t\t\t\t\t\t\t\t\t\t\t\t<\/ul>\n\t\t\t\t\t\t\t\t\n\t\t\t\t\t\t\t\t<ul class=\"ekit-team-social-list\">\n\t\t\t<li class=\"elementor-repeater-item-e5b1321\">\n\t\t\t<a href=\"https:\/\/twitter.com\/HourmantF\" target=\"_blank\" rel=\"nofollow\" aria-label=\"Twitter\">\n\t\t\t\t<i aria-hidden=\"true\" class=\"icon icon-twitter\"><\/i>\t\t\t<\/a>\n\t\t<\/li>\n\t\t\t<li class=\"elementor-repeater-item-0226d3e\">\n\t\t\t<a href=\"https:\/\/drive.google.com\/file\/d\/1cgeJ1Zn2l3johNeG6f7ibcbrYeW0tOHP\/view?usp=sharing\" target=\"_blank\" aria-label=\"CV\">\n\t\t\t\t<i aria-hidden=\"true\" class=\"icon icon-open-book\"><\/i>\t\t\t<\/a>\n\t\t<\/li>\n\t<\/ul>\n\t\t\t\t\t\t\t<\/div>\n\t\t\t\t\t\t<\/div>\n\t\t\t\t\t<\/div>\n\t\t\t\t<\/div>\n\t\t\t<\/div>\n\t\t\t\t<\/div>\t\t\t\t<\/div>\n\t\t\t\t<\/div>\n\t\t\t\t\t<\/div>\n\t\t<\/div>\n\t\t\t\t<div class=\"elementor-column elementor-col-50 elementor-top-column elementor-element elementor-element-03451a0\" data-id=\"03451a0\" data-element_type=\"column\" data-e-type=\"column\">\n\t\t\t<div class=\"elementor-widget-wrap elementor-element-populated\">\n\t\t\t\t\t\t<div class=\"elementor-element elementor-element-b389350 elementor-widget elementor-widget-elementskit-team\" data-id=\"b389350\" data-element_type=\"widget\" data-e-type=\"widget\" data-widget_type=\"elementskit-team.default\">\n\t\t\t\t<div class=\"elementor-widget-container\">\n\t\t\t\t\t<div class=\"ekit-wid-con\">\t\t <div class=\"profile-square-v\"> \t\t\t\t\t\t\n\t\t<div class=\"profile-card elementor-animation- text-center ekit-team-style-centered_style\">\n\t\t\t\t\t\t\t<a aria-label=\"profile\" href=\"javascript:void(0)\" data-mfp-src=\"#ekit_team_modal_b389350_2812\" class=\"ekit-team-popup\">\n\t\t\t\n\t\t\t\t<div class=\"profile-header ekit-team-img\"  data-toggle=\"modal\" data-target=\"ekit_team_modal_#b389350_2812\" >\n\t\t\t\t\t<img decoding=\"async\" width=\"400\" height=\"400\" src=\"https:\/\/www.chaireearth.org\/wp-content\/uploads\/2023\/06\/Sophie-Lambert-WIber-Portrait.png\" class=\"attachment-large size-large wp-image-769\" alt=\"Sophie Lambert WIber - Portrait\" srcset=\"https:\/\/www.chaireearth.org\/wp-content\/uploads\/2023\/06\/Sophie-Lambert-WIber-Portrait.png 400w, https:\/\/www.chaireearth.org\/wp-content\/uploads\/2023\/06\/Sophie-Lambert-WIber-Portrait-300x300.png 300w, https:\/\/www.chaireearth.org\/wp-content\/uploads\/2023\/06\/Sophie-Lambert-WIber-Portrait-150x150.png 150w\" sizes=\"(max-width: 400px) 100vw, 400px\" \/>\t\t\t\t<\/div><!-- .profile-header END -->\n\t\t\t\t\t\t\t<\/a>\n\t\t\t\n\n\t\t\t\t<div class=\"profile-body\">\n\t\t\t\t\t\n\t\t\t\t\t<h2 class=\"profile-title\">\n\t\t\t\t\t\t\t\t\t\t\t<a aria-label=\"profile\" href=\"javascript:void(0)\" data-mfp-src=\"#ekit_team_modal_b389350_2812\" class=\"ekit-team-popup\">\n\t\t\t\t\t\tSophie LAMBERT-WIBER\t\t\t\t\t\t<\/a>\n\t\t\t\t\t\t\t\t\t\t\t<\/h2>\n\t\t\t\t\t<p class=\"profile-designation\">Ma\u00eetre de conf\u00e9rences en droit priv\u00e9, HDR, Directrice Axe 2 du Centre Jean Bodin, coordonnatrice de la chaire Earth<\/p>\n\t\t\t\t\t\t\t\t\t<\/div><!-- .profile-body END -->\n\n\t\t\t\t\t\t\t\t\t<div class=\"profile-footer\">\n\t\t\t\t\t\t<ul class=\"ekit-team-social-list\">\n\t\t\t<li class=\"elementor-repeater-item-20cf678\">\n\t\t\t<a href=\"https:\/\/fr.linkedin.com\/in\/sophie-lambert-wiber-a6676b2a\" target=\"_blank\" aria-label=\"Linkedin\">\n\t\t\t\t<i aria-hidden=\"true\" class=\"icon icon-linkedin\"><\/i>\t\t\t<\/a>\n\t\t<\/li>\n\t\t\t<li class=\"elementor-repeater-item-91125f9\">\n\t\t\t<a href=\"https:\/\/drive.google.com\/file\/d\/1xd95FI4ctQTUIrxpWCxSRtQ1iMI8Sg5u\/view?usp=drive_link\" target=\"_blank\" rel=\"nofollow\" aria-label=\"CV\">\n\t\t\t\t<i aria-hidden=\"true\" class=\"icon icon-open-book\"><\/i>\t\t\t<\/a>\n\t\t<\/li>\n\t<\/ul>\n\t\t\t\t\t<\/div>\n\t\t\t\t\t\t\t\t\t<\/div>\n\t\t\t\t <\/div> \t\t\t\n\t\t\t\n\t\t\t\t\t<div class=\"zoom-anim-dialog mfp-hide elementskit-team-popup team-popup-id-b389350\" id=\"ekit_team_modal_b389350_2812\" tabindex=\"-1\" role=\"dialog\" aria-modal=\"true\">\n\t\t\t\t<div class=\"modal-dialog modal-dialog-centered\" role=\"document\">\n\t\t\t\t\t<div class=\"modal-content\">\n\t\t\t\t\t\t<button type=\"button\" class=\"ekit-team-modal-close\">\n\t\t\t\t\t\t\t<i aria-hidden=\"true\" class=\"fas fa-times\"><\/i>\t\t\t\t\t\t<\/button>\n\n\t\t\t\t\t\t<div class=\"modal-body\">\n\t\t\t\t\t\t\t\t\t\t\t\t\t\t\t<div class=\"ekit-team-modal-img\">\n\t\t\t\t\t\t\t\t\t<img decoding=\"async\" width=\"400\" height=\"400\" src=\"https:\/\/www.chaireearth.org\/wp-content\/uploads\/2023\/06\/Sophie-Lambert-WIber-Portrait.png\" class=\"attachment-large size-large wp-image-769\" alt=\"Sophie Lambert WIber - Portrait\" srcset=\"https:\/\/www.chaireearth.org\/wp-content\/uploads\/2023\/06\/Sophie-Lambert-WIber-Portrait.png 400w, https:\/\/www.chaireearth.org\/wp-content\/uploads\/2023\/06\/Sophie-Lambert-WIber-Portrait-300x300.png 300w, https:\/\/www.chaireearth.org\/wp-content\/uploads\/2023\/06\/Sophie-Lambert-WIber-Portrait-150x150.png 150w\" sizes=\"(max-width: 400px) 100vw, 400px\" \/>\t\t\t\t\t\t\t\t<\/div>\n\t\t\t\t\t\t\t\n\t\t\t\t\t\t\t<div class=\"ekit-team-modal-info has-img\">\n\t\t\t\t\t\t\t\t<h2 class=\"ekit-team-modal-title\">Sophie LAMBERT-WIBER<\/h2>\n\t\t\t\t\t\t\t\t<p class=\"ekit-team-modal-position\">Ma\u00eetre de conf\u00e9rences en droit priv\u00e9, HDR, Directrice Axe 2 du Centre Jean Bodin, coordonnatrice de la chaire Earth<\/p>\n\n\t\t\t\t\t\t\t\t<div class=\"ekit-team-modal-content\">\n\t\t\t\t\t\t\t\t\tMes travaux concernent le droit fiscal, et les nouvelles normativit\u00e9s. La fiscalit\u00e9 peut \u00eatre mobilis\u00e9e pour inciter \u00e0 l\u2019adoption de comportements plus vertueux en mati\u00e8re environnementale. La fiscalit\u00e9 incitative renvoie \u00e0 des nouvelles expressions normatives qui ne s\u2019identifient plus \u00e0 travers la sanction, mais dans leur objectif de modeler les comportements. \t\t\t\t\t\t\t\t<\/div>\n\n\t\t\t\t\t\t\t\t\t\t\t\t\t\t\t\t\t<ul class=\"ekit-team-modal-list\">\n\t\t\t\t\t\t\t\t\t\t\n\t\t\t\t\t\t\t\t\t\t\t\t\t\t\t\t\t\t\t\t\t<li><strong>Email:<\/strong><a href=\"mailto:sophie.lambert-wiber@univ-angers.fr\">sophie.lambert-wiber@univ-angers.fr<\/a><\/li>\n\t\t\t\t\t\t\t\t\t\t\t\t\t\t\t\t\t\t\t<\/ul>\n\t\t\t\t\t\t\t\t\n\t\t\t\t\t\t\t\t<ul class=\"ekit-team-social-list\">\n\t\t\t<li class=\"elementor-repeater-item-20cf678\">\n\t\t\t<a href=\"https:\/\/fr.linkedin.com\/in\/sophie-lambert-wiber-a6676b2a\" target=\"_blank\" aria-label=\"Linkedin\">\n\t\t\t\t<i aria-hidden=\"true\" class=\"icon icon-linkedin\"><\/i>\t\t\t<\/a>\n\t\t<\/li>\n\t\t\t<li class=\"elementor-repeater-item-91125f9\">\n\t\t\t<a href=\"https:\/\/drive.google.com\/file\/d\/1xd95FI4ctQTUIrxpWCxSRtQ1iMI8Sg5u\/view?usp=drive_link\" target=\"_blank\" rel=\"nofollow\" aria-label=\"CV\">\n\t\t\t\t<i aria-hidden=\"true\" class=\"icon icon-open-book\"><\/i>\t\t\t<\/a>\n\t\t<\/li>\n\t<\/ul>\n\t\t\t\t\t\t\t<\/div>\n\t\t\t\t\t\t<\/div>\n\t\t\t\t\t<\/div>\n\t\t\t\t<\/div>\n\t\t\t<\/div>\n\t\t\t\t<\/div>\t\t\t\t<\/div>\n\t\t\t\t<\/div>\n\t\t\t\t\t<\/div>\n\t\t<\/div>\n\t\t\t\t\t<\/div>\n\t\t<\/section>\n\t\t\t\t<section class=\"elementor-section elementor-top-section elementor-element elementor-element-f367722 elementor-section-boxed elementor-section-height-default elementor-section-height-default\" data-id=\"f367722\" data-element_type=\"section\" data-e-type=\"section\" data-settings=\"{&quot;background_background&quot;:&quot;classic&quot;}\">\n\t\t\t\t\t\t<div class=\"elementor-container elementor-column-gap-default\">\n\t\t\t\t\t<div class=\"elementor-column elementor-col-33 elementor-top-column elementor-element elementor-element-b23b8df\" data-id=\"b23b8df\" data-element_type=\"column\" data-e-type=\"column\">\n\t\t\t<div class=\"elementor-widget-wrap\">\n\t\t\t\t\t\t\t<\/div>\n\t\t<\/div>\n\t\t\t\t<div class=\"elementor-column elementor-col-33 elementor-top-column elementor-element elementor-element-95d536b\" data-id=\"95d536b\" data-element_type=\"column\" data-e-type=\"column\">\n\t\t\t<div class=\"elementor-widget-wrap\">\n\t\t\t\t\t\t\t<\/div>\n\t\t<\/div>\n\t\t\t\t<div class=\"elementor-column elementor-col-33 elementor-top-column elementor-element elementor-element-33383ba\" data-id=\"33383ba\" data-element_type=\"column\" data-e-type=\"column\">\n\t\t\t<div class=\"elementor-widget-wrap\">\n\t\t\t\t\t\t\t<\/div>\n\t\t<\/div>\n\t\t\t\t\t<\/div>\n\t\t<\/section>\n\t\t\t\t<section class=\"elementor-section elementor-top-section elementor-element elementor-element-9a139ae elementor-section-boxed elementor-section-height-default elementor-section-height-default\" data-id=\"9a139ae\" data-element_type=\"section\" data-e-type=\"section\">\n\t\t\t\t\t\t<div class=\"elementor-container elementor-column-gap-default\">\n\t\t\t\t\t<div class=\"elementor-column elementor-col-100 elementor-top-column elementor-element elementor-element-5c68de0\" data-id=\"5c68de0\" data-element_type=\"column\" data-e-type=\"column\">\n\t\t\t<div class=\"elementor-widget-wrap elementor-element-populated\">\n\t\t\t\t\t\t<div class=\"elementor-element elementor-element-4599470 elementor-widget elementor-widget-spacer\" data-id=\"4599470\" data-element_type=\"widget\" data-e-type=\"widget\" data-widget_type=\"spacer.default\">\n\t\t\t\t<div class=\"elementor-widget-container\">\n\t\t\t\t\t\t\t<div class=\"elementor-spacer\">\n\t\t\t<div class=\"elementor-spacer-inner\"><\/div>\n\t\t<\/div>\n\t\t\t\t\t\t<\/div>\n\t\t\t\t<\/div>\n\t\t\t\t\t<\/div>\n\t\t<\/div>\n\t\t\t\t\t<\/div>\n\t\t<\/section>\n\t\t\t\t<\/div>","protected":false},"excerpt":{"rendered":"<p>Responsables de la Chaire Gouvernance Fran\u00e7ois HOURMANT Professeur en science politique, Directeur du Centre Jean Bodin, coordonnateur de la chaire Earth Fran\u00e7ois HOURMANT Professeur en science politique, Directeur du Centre Jean Bodin, coordonnateur de la chaire Earth Fran\u00e7ois Hourmant, historien et politiste, travaille sur les repr\u00e9sentations politiques. Il s\u2019int\u00e9resse notamment \u00e0 la socio-histoire des intellectuels, [&hellip;]<\/p>\n","protected":false},"author":1,"featured_media":0,"parent":0,"menu_order":0,"comment_status":"closed","ping_status":"closed","template":"","meta":{"site-sidebar-layout":"no-sidebar","site-content-layout":"page-builder","ast-site-content-layout":"full-width-container","site-content-style":"default","site-sidebar-style":"default","ast-global-header-display":"","ast-banner-title-visibility":"","ast-main-header-display":"","ast-hfb-above-header-display":"","ast-hfb-below-header-display":"","ast-hfb-mobile-header-display":"","site-post-title":"disabled","ast-breadcrumbs-content":"","ast-featured-img":"disabled","footer-sml-layout":"","ast-disable-related-posts":"","theme-transparent-header-meta":"","adv-header-id-meta":"","stick-header-meta":"","header-above-stick-meta":"","header-main-stick-meta":"","header-below-stick-meta":"","astra-migrate-meta-layouts":"set","ast-page-background-enabled":"default","ast-page-background-meta":{"desktop":{"background-color":"var(--ast-global-color-4)","background-image":"","background-repeat":"repeat","background-position":"center center","background-size":"auto","background-attachment":"scroll","background-type":"","background-media":"","overlay-type":"","overlay-color":"","overlay-opacity":"","overlay-gradient":""},"tablet":{"background-color":"","background-image":"","background-repeat":"repeat","background-position":"center center","background-size":"auto","background-attachment":"scroll","background-type":"","background-media":"","overlay-type":"","overlay-color":"","overlay-opacity":"","overlay-gradient":""},"mobile":{"background-color":"","background-image":"","background-repeat":"repeat","background-position":"center center","background-size":"auto","background-attachment":"scroll","background-type":"","background-media":"","overlay-type":"","overlay-color":"","overlay-opacity":"","overlay-gradient":""}},"ast-content-background-meta":{"desktop":{"background-color":"var(--ast-global-color-5)","background-image":"","background-repeat":"repeat","background-position":"center center","background-size":"auto","background-attachment":"scroll","background-type":"","background-media":"","overlay-type":"","overlay-color":"","overlay-opacity":"","overlay-gradient":""},"tablet":{"background-color":"var(--ast-global-color-5)","background-image":"","background-repeat":"repeat","background-position":"center center","background-size":"auto","background-attachment":"scroll","background-type":"","background-media":"","overlay-type":"","overlay-color":"","overlay-opacity":"","overlay-gradient":""},"mobile":{"background-color":"var(--ast-global-color-5)","background-image":"","background-repeat":"repeat","background-position":"center center","background-size":"auto","background-attachment":"scroll","background-type":"","background-media":"","overlay-type":"","overlay-color":"","overlay-opacity":"","overlay-gradient":""}},"footnotes":""},"class_list":["post-2812","page","type-page","status-publish","hentry"],"yoast_head":"<!-- This site is optimized with the Yoast SEO plugin v27.5 - https:\/\/yoast.com\/product\/yoast-seo-wordpress\/ -->\n<title>Responsables de la Chaire | Chaire Earth<\/title>\n<meta name=\"description\" content=\"Responsable de la Chaire Earth - Gouvernance - Retrouvez les responsables Projet Chaire Earth. Sophie Lambert-Wiber et Fran\u00e7ois...\" \/>\n<meta name=\"robots\" content=\"index, follow, max-snippet:-1, max-image-preview:large, max-video-preview:-1\" \/>\n<link rel=\"canonical\" href=\"https:\/\/www.chaireearth.org\/en\/responsables-de-la-chaire\/\" \/>\n<meta property=\"og:locale\" content=\"en_GB\" \/>\n<meta property=\"og:type\" content=\"article\" \/>\n<meta property=\"og:title\" content=\"Responsables de la Chaire | Chaire Earth\" \/>\n<meta property=\"og:description\" content=\"Responsable de la Chaire Earth - Gouvernance - Retrouvez les responsables Projet Chaire Earth. Sophie Lambert-Wiber et Fran\u00e7ois...\" \/>\n<meta property=\"og:url\" content=\"https:\/\/www.chaireearth.org\/en\/responsables-de-la-chaire\/\" \/>\n<meta property=\"og:site_name\" content=\"Chaire Earth\" \/>\n<meta property=\"article:modified_time\" content=\"2025-09-29T14:23:07+00:00\" \/>\n<meta property=\"og:image\" content=\"https:\/\/www.chaireearth.org\/wp-content\/uploads\/2023\/06\/Francois-HOURMANT-Portrait.png\" \/>\n\t<meta property=\"og:image:width\" content=\"400\" \/>\n\t<meta property=\"og:image:height\" content=\"400\" \/>\n\t<meta property=\"og:image:type\" content=\"image\/png\" \/>\n<meta name=\"twitter:card\" content=\"summary_large_image\" \/>\n<meta name=\"twitter:label1\" content=\"Estimated reading time\" \/>\n\t<meta name=\"twitter:data1\" content=\"2 minutes\" \/>\n<script type=\"application\/ld+json\" class=\"yoast-schema-graph\">{\"@context\":\"https:\\\/\\\/schema.org\",\"@graph\":[{\"@type\":\"WebPage\",\"@id\":\"https:\\\/\\\/www.chaireearth.org\\\/responsables-de-la-chaire\\\/\",\"url\":\"https:\\\/\\\/www.chaireearth.org\\\/responsables-de-la-chaire\\\/\",\"name\":\"Responsables de la Chaire | Chaire Earth\",\"isPartOf\":{\"@id\":\"https:\\\/\\\/www.chaireearth.org\\\/#website\"},\"primaryImageOfPage\":{\"@id\":\"https:\\\/\\\/www.chaireearth.org\\\/responsables-de-la-chaire\\\/#primaryimage\"},\"image\":{\"@id\":\"https:\\\/\\\/www.chaireearth.org\\\/responsables-de-la-chaire\\\/#primaryimage\"},\"thumbnailUrl\":\"https:\\\/\\\/www.chaireearth.org\\\/wp-content\\\/uploads\\\/2023\\\/06\\\/Francois-HOURMANT-Portrait.png\",\"datePublished\":\"2025-04-18T09:30:14+00:00\",\"dateModified\":\"2025-09-29T14:23:07+00:00\",\"description\":\"Responsable de la Chaire Earth - Gouvernance - Retrouvez les responsables Projet Chaire Earth. Sophie Lambert-Wiber et Fran\u00e7ois...\",\"breadcrumb\":{\"@id\":\"https:\\\/\\\/www.chaireearth.org\\\/responsables-de-la-chaire\\\/#breadcrumb\"},\"inLanguage\":\"en-GB\",\"potentialAction\":[{\"@type\":\"ReadAction\",\"target\":[\"https:\\\/\\\/www.chaireearth.org\\\/responsables-de-la-chaire\\\/\"]}]},{\"@type\":\"ImageObject\",\"inLanguage\":\"en-GB\",\"@id\":\"https:\\\/\\\/www.chaireearth.org\\\/responsables-de-la-chaire\\\/#primaryimage\",\"url\":\"https:\\\/\\\/www.chaireearth.org\\\/wp-content\\\/uploads\\\/2023\\\/06\\\/Francois-HOURMANT-Portrait.png\",\"contentUrl\":\"https:\\\/\\\/www.chaireearth.org\\\/wp-content\\\/uploads\\\/2023\\\/06\\\/Francois-HOURMANT-Portrait.png\"},{\"@type\":\"BreadcrumbList\",\"@id\":\"https:\\\/\\\/www.chaireearth.org\\\/responsables-de-la-chaire\\\/#breadcrumb\",\"itemListElement\":[{\"@type\":\"ListItem\",\"position\":1,\"name\":\"Accueil\",\"item\":\"https:\\\/\\\/www.chaireearth.org\\\/\"},{\"@type\":\"ListItem\",\"position\":2,\"name\":\"Responsables de la Chaire\"}]},{\"@type\":\"WebSite\",\"@id\":\"https:\\\/\\\/www.chaireearth.org\\\/#website\",\"url\":\"https:\\\/\\\/www.chaireearth.org\\\/\",\"name\":\"Chaire Earth\",\"description\":\"Chaire Earth Projet\",\"publisher\":{\"@id\":\"https:\\\/\\\/www.chaireearth.org\\\/#organization\"},\"potentialAction\":[{\"@type\":\"SearchAction\",\"target\":{\"@type\":\"EntryPoint\",\"urlTemplate\":\"https:\\\/\\\/www.chaireearth.org\\\/?s={search_term_string}\"},\"query-input\":{\"@type\":\"PropertyValueSpecification\",\"valueRequired\":true,\"valueName\":\"search_term_string\"}}],\"inLanguage\":\"en-GB\"},{\"@type\":\"Organization\",\"@id\":\"https:\\\/\\\/www.chaireearth.org\\\/#organization\",\"name\":\"Chair Earth\",\"url\":\"https:\\\/\\\/www.chaireearth.org\\\/\",\"logo\":{\"@type\":\"ImageObject\",\"inLanguage\":\"en-GB\",\"@id\":\"https:\\\/\\\/www.chaireearth.org\\\/#\\\/schema\\\/logo\\\/image\\\/\",\"url\":\"https:\\\/\\\/www.chaireearth.org\\\/wp-content\\\/uploads\\\/2023\\\/04\\\/Capture-decran-2023-04-27-a-12.52.02.png\",\"contentUrl\":\"https:\\\/\\\/www.chaireearth.org\\\/wp-content\\\/uploads\\\/2023\\\/04\\\/Capture-decran-2023-04-27-a-12.52.02.png\",\"width\":572,\"height\":297,\"caption\":\"Chair Earth\"},\"image\":{\"@id\":\"https:\\\/\\\/www.chaireearth.org\\\/#\\\/schema\\\/logo\\\/image\\\/\"}}]}<\/script>\n<!-- \/ Yoast SEO plugin. -->","yoast_head_json":{"title":"Responsables de la Chaire | Chaire Earth","description":"Responsable de la Chaire Earth - Gouvernance - Retrouvez les responsables Projet Chaire Earth. Sophie Lambert-Wiber et Fran\u00e7ois...","robots":{"index":"index","follow":"follow","max-snippet":"max-snippet:-1","max-image-preview":"max-image-preview:large","max-video-preview":"max-video-preview:-1"},"canonical":"https:\/\/www.chaireearth.org\/en\/responsables-de-la-chaire\/","og_locale":"en_GB","og_type":"article","og_title":"Responsables de la Chaire | Chaire Earth","og_description":"Responsable de la Chaire Earth - Gouvernance - Retrouvez les responsables Projet Chaire Earth. Sophie Lambert-Wiber et Fran\u00e7ois...","og_url":"https:\/\/www.chaireearth.org\/en\/responsables-de-la-chaire\/","og_site_name":"Chaire Earth","article_modified_time":"2025-09-29T14:23:07+00:00","og_image":[{"width":400,"height":400,"url":"https:\/\/www.chaireearth.org\/wp-content\/uploads\/2023\/06\/Francois-HOURMANT-Portrait.png","type":"image\/png"}],"twitter_card":"summary_large_image","twitter_misc":{"Estimated reading time":"2 minutes"},"schema":{"@context":"https:\/\/schema.org","@graph":[{"@type":"WebPage","@id":"https:\/\/www.chaireearth.org\/responsables-de-la-chaire\/","url":"https:\/\/www.chaireearth.org\/responsables-de-la-chaire\/","name":"Responsables de la Chaire | Chaire Earth","isPartOf":{"@id":"https:\/\/www.chaireearth.org\/#website"},"primaryImageOfPage":{"@id":"https:\/\/www.chaireearth.org\/responsables-de-la-chaire\/#primaryimage"},"image":{"@id":"https:\/\/www.chaireearth.org\/responsables-de-la-chaire\/#primaryimage"},"thumbnailUrl":"https:\/\/www.chaireearth.org\/wp-content\/uploads\/2023\/06\/Francois-HOURMANT-Portrait.png","datePublished":"2025-04-18T09:30:14+00:00","dateModified":"2025-09-29T14:23:07+00:00","description":"Responsable de la Chaire Earth - Gouvernance - Retrouvez les responsables Projet Chaire Earth. Sophie Lambert-Wiber et Fran\u00e7ois...","breadcrumb":{"@id":"https:\/\/www.chaireearth.org\/responsables-de-la-chaire\/#breadcrumb"},"inLanguage":"en-GB","potentialAction":[{"@type":"ReadAction","target":["https:\/\/www.chaireearth.org\/responsables-de-la-chaire\/"]}]},{"@type":"ImageObject","inLanguage":"en-GB","@id":"https:\/\/www.chaireearth.org\/responsables-de-la-chaire\/#primaryimage","url":"https:\/\/www.chaireearth.org\/wp-content\/uploads\/2023\/06\/Francois-HOURMANT-Portrait.png","contentUrl":"https:\/\/www.chaireearth.org\/wp-content\/uploads\/2023\/06\/Francois-HOURMANT-Portrait.png"},{"@type":"BreadcrumbList","@id":"https:\/\/www.chaireearth.org\/responsables-de-la-chaire\/#breadcrumb","itemListElement":[{"@type":"ListItem","position":1,"name":"Accueil","item":"https:\/\/www.chaireearth.org\/"},{"@type":"ListItem","position":2,"name":"Responsables de la Chaire"}]},{"@type":"WebSite","@id":"https:\/\/www.chaireearth.org\/#website","url":"https:\/\/www.chaireearth.org\/","name":"Chaire Earth","description":"Chaire Earth Project","publisher":{"@id":"https:\/\/www.chaireearth.org\/#organization"},"potentialAction":[{"@type":"SearchAction","target":{"@type":"EntryPoint","urlTemplate":"https:\/\/www.chaireearth.org\/?s={search_term_string}"},"query-input":{"@type":"PropertyValueSpecification","valueRequired":true,"valueName":"search_term_string"}}],"inLanguage":"en-GB"},{"@type":"Organization","@id":"https:\/\/www.chaireearth.org\/#organization","name":"Chair Earth","url":"https:\/\/www.chaireearth.org\/","logo":{"@type":"ImageObject","inLanguage":"en-GB","@id":"https:\/\/www.chaireearth.org\/#\/schema\/logo\/image\/","url":"https:\/\/www.chaireearth.org\/wp-content\/uploads\/2023\/04\/Capture-decran-2023-04-27-a-12.52.02.png","contentUrl":"https:\/\/www.chaireearth.org\/wp-content\/uploads\/2023\/04\/Capture-decran-2023-04-27-a-12.52.02.png","width":572,"height":297,"caption":"Chair Earth"},"image":{"@id":"https:\/\/www.chaireearth.org\/#\/schema\/logo\/image\/"}}]}},"_links":{"self":[{"href":"https:\/\/www.chaireearth.org\/en\/wp-json\/wp\/v2\/pages\/2812","targetHints":{"allow":["GET"]}}],"collection":[{"href":"https:\/\/www.chaireearth.org\/en\/wp-json\/wp\/v2\/pages"}],"about":[{"href":"https:\/\/www.chaireearth.org\/en\/wp-json\/wp\/v2\/types\/page"}],"author":[{"embeddable":true,"href":"https:\/\/www.chaireearth.org\/en\/wp-json\/wp\/v2\/users\/1"}],"replies":[{"embeddable":true,"href":"https:\/\/www.chaireearth.org\/en\/wp-json\/wp\/v2\/comments?post=2812"}],"version-history":[{"count":23,"href":"https:\/\/www.chaireearth.org\/en\/wp-json\/wp\/v2\/pages\/2812\/revisions"}],"predecessor-version":[{"id":3040,"href":"https:\/\/www.chaireearth.org\/en\/wp-json\/wp\/v2\/pages\/2812\/revisions\/3040"}],"wp:attachment":[{"href":"https:\/\/www.chaireearth.org\/en\/wp-json\/wp\/v2\/media?parent=2812"}],"curies":[{"name":"wp","href":"https:\/\/api.w.org\/{rel}","templated":true}]}}