{"id":335,"date":"2023-05-09T12:40:56","date_gmt":"2023-05-09T12:40:56","guid":{"rendered":"https:\/\/www.chaireearth.org\/?page_id=335"},"modified":"2026-02-23T11:50:56","modified_gmt":"2026-02-23T11:50:56","slug":"humanites-environnementales-axe-1","status":"publish","type":"page","link":"https:\/\/www.chaireearth.org\/en\/humanites-environnementales-axe-1\/","title":{"rendered":"Humanit\u00e9s environnementales &#8211; Axe 1"},"content":{"rendered":"<div data-elementor-type=\"wp-page\" data-elementor-id=\"335\" class=\"elementor elementor-335\" data-elementor-post-type=\"page\">\n\t\t\t\t\t\t<section class=\"elementor-section elementor-top-section elementor-element elementor-element-49a9c0a elementor-section-boxed elementor-section-height-default elementor-section-height-default\" data-id=\"49a9c0a\" data-element_type=\"section\" data-e-type=\"section\" data-settings=\"{&quot;background_background&quot;:&quot;classic&quot;}\">\n\t\t\t\t\t\t<div class=\"elementor-container elementor-column-gap-default\">\n\t\t\t\t\t<div class=\"elementor-column elementor-col-100 elementor-top-column elementor-element elementor-element-306b16b\" data-id=\"306b16b\" data-element_type=\"column\" data-e-type=\"column\">\n\t\t\t<div class=\"elementor-widget-wrap elementor-element-populated\">\n\t\t\t\t\t\t<div class=\"elementor-element elementor-element-7e06a82 elementor-widget elementor-widget-spacer\" data-id=\"7e06a82\" data-element_type=\"widget\" data-e-type=\"widget\" data-widget_type=\"spacer.default\">\n\t\t\t\t<div class=\"elementor-widget-container\">\n\t\t\t\t\t\t\t<div class=\"elementor-spacer\">\n\t\t\t<div class=\"elementor-spacer-inner\"><\/div>\n\t\t<\/div>\n\t\t\t\t\t\t<\/div>\n\t\t\t\t<\/div>\n\t\t\t\t<div class=\"elementor-element elementor-element-bf997de elementor-widget elementor-widget-heading\" data-id=\"bf997de\" data-element_type=\"widget\" data-e-type=\"widget\" data-widget_type=\"heading.default\">\n\t\t\t\t<div class=\"elementor-widget-container\">\n\t\t\t\t\t<h1 class=\"elementor-heading-title elementor-size-default\">Humanit\u00e9s environnementales  - Axe 1<\/h1>\t\t\t\t<\/div>\n\t\t\t\t<\/div>\n\t\t\t\t<div class=\"elementor-element elementor-element-c85c641 elementor-widget elementor-widget-text-editor\" data-id=\"c85c641\" data-element_type=\"widget\" data-e-type=\"widget\" data-widget_type=\"text-editor.default\">\n\t\t\t\t<div class=\"elementor-widget-container\">\n\t\t\t\t\t\t\t\t\t<p>(Fran\u00e7ois HOURMANT)<\/p>\t\t\t\t\t\t\t\t<\/div>\n\t\t\t\t<\/div>\n\t\t\t\t<div class=\"elementor-element elementor-element-8d4ed3f elementor-widget-divider--view-line elementor-widget elementor-widget-divider\" data-id=\"8d4ed3f\" data-element_type=\"widget\" data-e-type=\"widget\" data-widget_type=\"divider.default\">\n\t\t\t\t<div class=\"elementor-widget-container\">\n\t\t\t\t\t\t\t<div class=\"elementor-divider\">\n\t\t\t<span class=\"elementor-divider-separator\">\n\t\t\t\t\t\t<\/span>\n\t\t<\/div>\n\t\t\t\t\t\t<\/div>\n\t\t\t\t<\/div>\n\t\t\t\t<div class=\"elementor-element elementor-element-3895bcf elementor-widget elementor-widget-spacer\" data-id=\"3895bcf\" data-element_type=\"widget\" data-e-type=\"widget\" data-widget_type=\"spacer.default\">\n\t\t\t\t<div class=\"elementor-widget-container\">\n\t\t\t\t\t\t\t<div class=\"elementor-spacer\">\n\t\t\t<div class=\"elementor-spacer-inner\"><\/div>\n\t\t<\/div>\n\t\t\t\t\t\t<\/div>\n\t\t\t\t<\/div>\n\t\t\t\t\t<\/div>\n\t\t<\/div>\n\t\t\t\t\t<\/div>\n\t\t<\/section>\n\t\t\t\t<section class=\"elementor-section elementor-top-section elementor-element elementor-element-add31f3 elementor-section-boxed elementor-section-height-default elementor-section-height-default\" data-id=\"add31f3\" data-element_type=\"section\" data-e-type=\"section\">\n\t\t\t\t\t\t<div class=\"elementor-container elementor-column-gap-default\">\n\t\t\t\t\t<div class=\"elementor-column elementor-col-100 elementor-top-column elementor-element elementor-element-2254616\" data-id=\"2254616\" data-element_type=\"column\" data-e-type=\"column\">\n\t\t\t<div class=\"elementor-widget-wrap elementor-element-populated\">\n\t\t\t\t\t\t<div class=\"elementor-element elementor-element-8f47963 elementor-widget elementor-widget-spacer\" data-id=\"8f47963\" data-element_type=\"widget\" data-e-type=\"widget\" data-widget_type=\"spacer.default\">\n\t\t\t\t<div class=\"elementor-widget-container\">\n\t\t\t\t\t\t\t<div class=\"elementor-spacer\">\n\t\t\t<div class=\"elementor-spacer-inner\"><\/div>\n\t\t<\/div>\n\t\t\t\t\t\t<\/div>\n\t\t\t\t<\/div>\n\t\t\t\t\t<\/div>\n\t\t<\/div>\n\t\t\t\t\t<\/div>\n\t\t<\/section>\n\t\t\t\t<section class=\"elementor-section elementor-top-section elementor-element elementor-element-ff695e4 elementor-section-boxed elementor-section-height-default elementor-section-height-default\" data-id=\"ff695e4\" data-element_type=\"section\" data-e-type=\"section\">\n\t\t\t\t\t\t<div class=\"elementor-container elementor-column-gap-default\">\n\t\t\t\t\t<div class=\"elementor-column elementor-col-100 elementor-top-column elementor-element elementor-element-2feb57e\" data-id=\"2feb57e\" data-element_type=\"column\" data-e-type=\"column\">\n\t\t\t<div class=\"elementor-widget-wrap elementor-element-populated\">\n\t\t\t\t\t\t<div class=\"elementor-element elementor-element-bed8cc7 elementor-widget elementor-widget-text-editor\" data-id=\"bed8cc7\" data-element_type=\"widget\" data-e-type=\"widget\" data-widget_type=\"text-editor.default\">\n\t\t\t\t<div class=\"elementor-widget-container\">\n\t\t\t\t\t\t\t\t\t<div lang=\"zxx\"><p class=\"p1\">As an all-encompassing scientific object, the environmental question calls for collective, interdisciplinary reflection on the complexity of the causes and issues at stake, as well as on the challenges posed by the climate emergency (e.g. damage to biodiversity, rising sea levels, migrations, greenhouse gases or global warming), land and ocean pollution and deforestation, while recognizing all the implications, whether economic, legal, political and geopolitical, anthropological, sociological, psychological, biological, technological, and other) of these transformations.<\/p><p class=\"p1\">The field of environmental humanities therefore aims to encompass all these issues with a view to develop a theoretical and epistemological reflection that is decompartmentalized and freed from a Western scientific tradition that will easily draw a line to separate humans from non-humans. Beyond this, the aim is also to promote and disseminate accumulated knowledge, and to explore new languages by bringing together the academic field and the realms of art, including literature, photography, painting and plastic arts, cinema, choreography, and architecture and design, among others.<\/p><p class=\"p1\">Finally, this confrontation\/exploration between knowledge and the arts has a practical, civic and citizen-focused goal: it aims to amplify the voices of climate activists within the public sphere, to provide additional clarity in light of complex environmental issues, to alleviate disorientation and clarify issues, and to combat climate skepticism, among other things.<\/p><\/div>\t\t\t\t\t\t\t\t<\/div>\n\t\t\t\t<\/div>\n\t\t\t\t\t<\/div>\n\t\t<\/div>\n\t\t\t\t\t<\/div>\n\t\t<\/section>\n\t\t\t\t<section class=\"elementor-section elementor-top-section elementor-element elementor-element-e4d313f elementor-section-boxed elementor-section-height-default elementor-section-height-default\" data-id=\"e4d313f\" data-element_type=\"section\" data-e-type=\"section\">\n\t\t\t\t\t\t<div class=\"elementor-container elementor-column-gap-default\">\n\t\t\t\t\t<div class=\"elementor-column elementor-col-100 elementor-top-column elementor-element elementor-element-0354311\" data-id=\"0354311\" data-element_type=\"column\" data-e-type=\"column\">\n\t\t\t<div class=\"elementor-widget-wrap elementor-element-populated\">\n\t\t\t\t\t\t<div class=\"elementor-element elementor-element-f2b1988 elementor-widget elementor-widget-spacer\" data-id=\"f2b1988\" data-element_type=\"widget\" data-e-type=\"widget\" data-widget_type=\"spacer.default\">\n\t\t\t\t<div class=\"elementor-widget-container\">\n\t\t\t\t\t\t\t<div class=\"elementor-spacer\">\n\t\t\t<div class=\"elementor-spacer-inner\"><\/div>\n\t\t<\/div>\n\t\t\t\t\t\t<\/div>\n\t\t\t\t<\/div>\n\t\t\t\t\t<\/div>\n\t\t<\/div>\n\t\t\t\t\t<\/div>\n\t\t<\/section>\n\t\t\t\t<section class=\"elementor-section elementor-top-section elementor-element elementor-element-e3df0a2 elementor-section-boxed elementor-section-height-default elementor-section-height-default\" data-id=\"e3df0a2\" data-element_type=\"section\" data-e-type=\"section\" data-settings=\"{&quot;background_background&quot;:&quot;classic&quot;}\">\n\t\t\t\t\t\t<div class=\"elementor-container elementor-column-gap-default\">\n\t\t\t\t\t<div class=\"elementor-column elementor-col-50 elementor-top-column elementor-element elementor-element-7e26615\" data-id=\"7e26615\" data-element_type=\"column\" data-e-type=\"column\">\n\t\t\t<div class=\"elementor-widget-wrap elementor-element-populated\">\n\t\t\t\t\t\t<div class=\"elementor-element elementor-element-bf7fb04 elementor-widget elementor-widget-spacer\" data-id=\"bf7fb04\" data-element_type=\"widget\" data-e-type=\"widget\" data-widget_type=\"spacer.default\">\n\t\t\t\t<div class=\"elementor-widget-container\">\n\t\t\t\t\t\t\t<div class=\"elementor-spacer\">\n\t\t\t<div class=\"elementor-spacer-inner\"><\/div>\n\t\t<\/div>\n\t\t\t\t\t\t<\/div>\n\t\t\t\t<\/div>\n\t\t\t\t<div class=\"elementor-element elementor-element-37a945e elementor-icon-list--layout-traditional elementor-list-item-link-full_width elementor-widget elementor-widget-icon-list\" data-id=\"37a945e\" data-element_type=\"widget\" data-e-type=\"widget\" data-widget_type=\"icon-list.default\">\n\t\t\t\t<div class=\"elementor-widget-container\">\n\t\t\t\t\t\t\t<ul class=\"elementor-icon-list-items\">\n\t\t\t\t\t\t\t<li class=\"elementor-icon-list-item\">\n\t\t\t\t\t\t\t\t\t\t\t<a href=\"https:\/\/www.chaireearth.org\/en\/humanites-environnementales-axe-1\/\">\n\n\t\t\t\t\t\t\t\t\t\t\t\t<span class=\"elementor-icon-list-icon\">\n\t\t\t\t\t\t\t<i aria-hidden=\"true\" class=\"far fa-file-alt\"><\/i>\t\t\t\t\t\t<\/span>\n\t\t\t\t\t\t\t\t\t\t<span class=\"elementor-icon-list-text\">Environmental Humanities - Axis 1<\/span>\n\t\t\t\t\t\t\t\t\t\t\t<\/a>\n\t\t\t\t\t\t\t\t\t<\/li>\n\t\t\t\t\t\t\t\t<li class=\"elementor-icon-list-item\">\n\t\t\t\t\t\t\t\t\t\t\t<a href=\"https:\/\/www.chaireearth.org\/en\/entreprise-responsable-axe-2\/\">\n\n\t\t\t\t\t\t\t\t\t\t\t\t<span class=\"elementor-icon-list-icon\">\n\t\t\t\t\t\t\t<i aria-hidden=\"true\" class=\"far fa-file-alt\"><\/i>\t\t\t\t\t\t<\/span>\n\t\t\t\t\t\t\t\t\t\t<span class=\"elementor-icon-list-text\">Corporate accountability - Axis 2<\/span>\n\t\t\t\t\t\t\t\t\t\t\t<\/a>\n\t\t\t\t\t\t\t\t\t<\/li>\n\t\t\t\t\t\t\t\t<li class=\"elementor-icon-list-item\">\n\t\t\t\t\t\t\t\t\t\t\t<a href=\"https:\/\/www.chaireearth.org\/en\/one-health-sante-axe-3\/\">\n\n\t\t\t\t\t\t\t\t\t\t\t\t<span class=\"elementor-icon-list-icon\">\n\t\t\t\t\t\t\t<i aria-hidden=\"true\" class=\"far fa-file-alt\"><\/i>\t\t\t\t\t\t<\/span>\n\t\t\t\t\t\t\t\t\t\t<span class=\"elementor-icon-list-text\">One health - Health  - Axis 3<\/span>\n\t\t\t\t\t\t\t\t\t\t\t<\/a>\n\t\t\t\t\t\t\t\t\t<\/li>\n\t\t\t\t\t\t<\/ul>\n\t\t\t\t\t\t<\/div>\n\t\t\t\t<\/div>\n\t\t\t\t<div class=\"elementor-element elementor-element-2888cb4 elementor-widget elementor-widget-spacer\" data-id=\"2888cb4\" data-element_type=\"widget\" data-e-type=\"widget\" data-widget_type=\"spacer.default\">\n\t\t\t\t<div class=\"elementor-widget-container\">\n\t\t\t\t\t\t\t<div class=\"elementor-spacer\">\n\t\t\t<div class=\"elementor-spacer-inner\"><\/div>\n\t\t<\/div>\n\t\t\t\t\t\t<\/div>\n\t\t\t\t<\/div>\n\t\t\t\t\t<\/div>\n\t\t<\/div>\n\t\t\t\t<div class=\"elementor-column elementor-col-50 elementor-top-column elementor-element elementor-element-bbf1db4\" data-id=\"bbf1db4\" data-element_type=\"column\" data-e-type=\"column\">\n\t\t\t<div class=\"elementor-widget-wrap elementor-element-populated\">\n\t\t\t\t\t\t<div class=\"elementor-element elementor-element-b152387 elementor-widget elementor-widget-spacer\" data-id=\"b152387\" data-element_type=\"widget\" data-e-type=\"widget\" data-widget_type=\"spacer.default\">\n\t\t\t\t<div class=\"elementor-widget-container\">\n\t\t\t\t\t\t\t<div class=\"elementor-spacer\">\n\t\t\t<div class=\"elementor-spacer-inner\"><\/div>\n\t\t<\/div>\n\t\t\t\t\t\t<\/div>\n\t\t\t\t<\/div>\n\t\t\t\t<div class=\"elementor-element elementor-element-bfa3e11 elementor-icon-list--layout-traditional elementor-list-item-link-full_width elementor-widget elementor-widget-icon-list\" data-id=\"bfa3e11\" data-element_type=\"widget\" data-e-type=\"widget\" data-widget_type=\"icon-list.default\">\n\t\t\t\t<div class=\"elementor-widget-container\">\n\t\t\t\t\t\t\t<ul class=\"elementor-icon-list-items\">\n\t\t\t\t\t\t\t<li class=\"elementor-icon-list-item\">\n\t\t\t\t\t\t\t\t\t\t\t<a href=\"https:\/\/www.chaireearth.org\/en\/risques-axe-4\/\">\n\n\t\t\t\t\t\t\t\t\t\t\t\t<span class=\"elementor-icon-list-icon\">\n\t\t\t\t\t\t\t<i aria-hidden=\"true\" class=\"far fa-file-alt\"><\/i>\t\t\t\t\t\t<\/span>\n\t\t\t\t\t\t\t\t\t\t<span class=\"elementor-icon-list-text\">Risks - Axis 4<\/span>\n\t\t\t\t\t\t\t\t\t\t\t<\/a>\n\t\t\t\t\t\t\t\t\t<\/li>\n\t\t\t\t\t\t\t\t<li class=\"elementor-icon-list-item\">\n\t\t\t\t\t\t\t\t\t\t\t<a href=\"https:\/\/www.chaireearth.org\/en\/bouclier-environnemental-axe-5\/\">\n\n\t\t\t\t\t\t\t\t\t\t\t\t<span class=\"elementor-icon-list-icon\">\n\t\t\t\t\t\t\t<i aria-hidden=\"true\" class=\"far fa-file-alt\"><\/i>\t\t\t\t\t\t<\/span>\n\t\t\t\t\t\t\t\t\t\t<span class=\"elementor-icon-list-text\">Energy shield - Axis 5<\/span>\n\t\t\t\t\t\t\t\t\t\t\t<\/a>\n\t\t\t\t\t\t\t\t\t<\/li>\n\t\t\t\t\t\t\t\t<li class=\"elementor-icon-list-item\">\n\t\t\t\t\t\t\t\t\t\t\t<a href=\"https:\/\/www.chaireearth.org\/en\/gouvernance-axe-6\/\">\n\n\t\t\t\t\t\t\t\t\t\t\t\t<span class=\"elementor-icon-list-icon\">\n\t\t\t\t\t\t\t<i aria-hidden=\"true\" class=\"far fa-file-alt\"><\/i>\t\t\t\t\t\t<\/span>\n\t\t\t\t\t\t\t\t\t\t<span class=\"elementor-icon-list-text\">Governance - Axis 6<\/span>\n\t\t\t\t\t\t\t\t\t\t\t<\/a>\n\t\t\t\t\t\t\t\t\t<\/li>\n\t\t\t\t\t\t<\/ul>\n\t\t\t\t\t\t<\/div>\n\t\t\t\t<\/div>\n\t\t\t\t<div class=\"elementor-element elementor-element-1c30c22 elementor-widget elementor-widget-spacer\" data-id=\"1c30c22\" data-element_type=\"widget\" data-e-type=\"widget\" data-widget_type=\"spacer.default\">\n\t\t\t\t<div class=\"elementor-widget-container\">\n\t\t\t\t\t\t\t<div class=\"elementor-spacer\">\n\t\t\t<div class=\"elementor-spacer-inner\"><\/div>\n\t\t<\/div>\n\t\t\t\t\t\t<\/div>\n\t\t\t\t<\/div>\n\t\t\t\t\t<\/div>\n\t\t<\/div>\n\t\t\t\t\t<\/div>\n\t\t<\/section>\n\t\t\t\t<\/div>","protected":false},"excerpt":{"rendered":"<p>Humanit\u00e9s environnementales &#8211; Axe 1 (Fran\u00e7ois HOURMANT) Objet scientifique total, la question environnementale impose une r\u00e9flexion collective et interdisciplinaire pour penser la complexit\u00e9 des causes et des enjeux mais aussi les d\u00e9fis que posent l\u2019urgence climatique (atteinte \u00e0 la biodiversit\u00e9, mont\u00e9e des eaux, migrations, gaz \u00e0 effet de serre et r\u00e9chauffement plan\u00e9taire\u2026), les pollutions des [&hellip;]<\/p>\n","protected":false},"author":1,"featured_media":0,"parent":0,"menu_order":0,"comment_status":"closed","ping_status":"closed","template":"","meta":{"site-sidebar-layout":"no-sidebar","site-content-layout":"page-builder","ast-site-content-layout":"full-width-container","site-content-style":"unboxed","site-sidebar-style":"unboxed","ast-global-header-display":"","ast-banner-title-visibility":"","ast-main-header-display":"","ast-hfb-above-header-display":"","ast-hfb-below-header-display":"","ast-hfb-mobile-header-display":"","site-post-title":"disabled","ast-breadcrumbs-content":"","ast-featured-img":"disabled","footer-sml-layout":"","ast-disable-related-posts":"","theme-transparent-header-meta":"","adv-header-id-meta":"","stick-header-meta":"","header-above-stick-meta":"","header-main-stick-meta":"","header-below-stick-meta":"","astra-migrate-meta-layouts":"set","ast-page-background-enabled":"default","ast-page-background-meta":{"desktop":{"background-color":"var(--ast-global-color-4)","background-image":"","background-repeat":"repeat","background-position":"center center","background-size":"auto","background-attachment":"scroll","background-type":"","background-media":"","overlay-type":"","overlay-color":"","overlay-opacity":"","overlay-gradient":""},"tablet":{"background-color":"","background-image":"","background-repeat":"repeat","background-position":"center center","background-size":"auto","background-attachment":"scroll","background-type":"","background-media":"","overlay-type":"","overlay-color":"","overlay-opacity":"","overlay-gradient":""},"mobile":{"background-color":"","background-image":"","background-repeat":"repeat","background-position":"center center","background-size":"auto","background-attachment":"scroll","background-type":"","background-media":"","overlay-type":"","overlay-color":"","overlay-opacity":"","overlay-gradient":""}},"ast-content-background-meta":{"desktop":{"background-color":"var(--ast-global-color-5)","background-image":"","background-repeat":"repeat","background-position":"center center","background-size":"auto","background-attachment":"scroll","background-type":"","background-media":"","overlay-type":"","overlay-color":"","overlay-opacity":"","overlay-gradient":""},"tablet":{"background-color":"var(--ast-global-color-5)","background-image":"","background-repeat":"repeat","background-position":"center center","background-size":"auto","background-attachment":"scroll","background-type":"","background-media":"","overlay-type":"","overlay-color":"","overlay-opacity":"","overlay-gradient":""},"mobile":{"background-color":"var(--ast-global-color-5)","background-image":"","background-repeat":"repeat","background-position":"center center","background-size":"auto","background-attachment":"scroll","background-type":"","background-media":"","overlay-type":"","overlay-color":"","overlay-opacity":"","overlay-gradient":""}},"footnotes":""},"class_list":["post-335","page","type-page","status-publish","hentry"],"yoast_head":"<!-- This site is optimized with the Yoast SEO plugin v27.5 - https:\/\/yoast.com\/product\/yoast-seo-wordpress\/ -->\n<title>Humanit\u00e9s environnementales - Axe 1 | Chaire Earth<\/title>\n<meta name=\"description\" content=\"Epist\u00e9mologie Axe 1 - Projet Chaire Earth - Le champ des humanit\u00e9s environnementales nourrit les r\u00e9flexions de sp\u00e9cialistes..\" \/>\n<meta name=\"robots\" content=\"index, follow, max-snippet:-1, max-image-preview:large, max-video-preview:-1\" \/>\n<link rel=\"canonical\" href=\"https:\/\/www.chaireearth.org\/en\/humanites-environnementales-axe-1\/\" \/>\n<meta property=\"og:locale\" content=\"en_GB\" \/>\n<meta property=\"og:type\" content=\"article\" \/>\n<meta property=\"og:title\" content=\"Humanit\u00e9s environnementales - Axe 1 | Chaire Earth\" \/>\n<meta property=\"og:description\" content=\"Epist\u00e9mologie Axe 1 - Projet Chaire Earth - Le champ des humanit\u00e9s environnementales nourrit les r\u00e9flexions de sp\u00e9cialistes..\" \/>\n<meta property=\"og:url\" content=\"https:\/\/www.chaireearth.org\/en\/humanites-environnementales-axe-1\/\" \/>\n<meta property=\"og:site_name\" content=\"Chaire Earth\" \/>\n<meta property=\"article:modified_time\" content=\"2026-02-23T11:50:56+00:00\" \/>\n<meta property=\"og:image\" content=\"https:\/\/www.chaireearth.org\/wp-content\/uploads\/2023\/04\/Capture-decran-2023-04-27-a-12.52.02.png\" \/>\n\t<meta property=\"og:image:width\" content=\"572\" \/>\n\t<meta property=\"og:image:height\" content=\"297\" \/>\n\t<meta property=\"og:image:type\" content=\"image\/png\" \/>\n<meta name=\"twitter:card\" content=\"summary_large_image\" \/>\n<meta name=\"twitter:label1\" content=\"Estimated reading time\" \/>\n\t<meta name=\"twitter:data1\" content=\"2 minutes\" \/>\n<script type=\"application\/ld+json\" class=\"yoast-schema-graph\">{\"@context\":\"https:\\\/\\\/schema.org\",\"@graph\":[{\"@type\":\"WebPage\",\"@id\":\"https:\\\/\\\/www.chaireearth.org\\\/humanites-environnementales-axe-1\\\/\",\"url\":\"https:\\\/\\\/www.chaireearth.org\\\/humanites-environnementales-axe-1\\\/\",\"name\":\"Humanit\u00e9s environnementales - Axe 1 | Chaire Earth\",\"isPartOf\":{\"@id\":\"https:\\\/\\\/www.chaireearth.org\\\/#website\"},\"datePublished\":\"2023-05-09T12:40:56+00:00\",\"dateModified\":\"2026-02-23T11:50:56+00:00\",\"description\":\"Epist\u00e9mologie Axe 1 - Projet Chaire Earth - Le champ des humanit\u00e9s environnementales nourrit les r\u00e9flexions de sp\u00e9cialistes..\",\"breadcrumb\":{\"@id\":\"https:\\\/\\\/www.chaireearth.org\\\/humanites-environnementales-axe-1\\\/#breadcrumb\"},\"inLanguage\":\"en-GB\",\"potentialAction\":[{\"@type\":\"ReadAction\",\"target\":[\"https:\\\/\\\/www.chaireearth.org\\\/humanites-environnementales-axe-1\\\/\"]}]},{\"@type\":\"BreadcrumbList\",\"@id\":\"https:\\\/\\\/www.chaireearth.org\\\/humanites-environnementales-axe-1\\\/#breadcrumb\",\"itemListElement\":[{\"@type\":\"ListItem\",\"position\":1,\"name\":\"Accueil\",\"item\":\"https:\\\/\\\/www.chaireearth.org\\\/\"},{\"@type\":\"ListItem\",\"position\":2,\"name\":\"Humanit\u00e9s environnementales &#8211; Axe 1\"}]},{\"@type\":\"WebSite\",\"@id\":\"https:\\\/\\\/www.chaireearth.org\\\/#website\",\"url\":\"https:\\\/\\\/www.chaireearth.org\\\/\",\"name\":\"Chaire Earth\",\"description\":\"Chaire Earth Projet\",\"publisher\":{\"@id\":\"https:\\\/\\\/www.chaireearth.org\\\/#organization\"},\"potentialAction\":[{\"@type\":\"SearchAction\",\"target\":{\"@type\":\"EntryPoint\",\"urlTemplate\":\"https:\\\/\\\/www.chaireearth.org\\\/?s={search_term_string}\"},\"query-input\":{\"@type\":\"PropertyValueSpecification\",\"valueRequired\":true,\"valueName\":\"search_term_string\"}}],\"inLanguage\":\"en-GB\"},{\"@type\":\"Organization\",\"@id\":\"https:\\\/\\\/www.chaireearth.org\\\/#organization\",\"name\":\"Chair Earth\",\"url\":\"https:\\\/\\\/www.chaireearth.org\\\/\",\"logo\":{\"@type\":\"ImageObject\",\"inLanguage\":\"en-GB\",\"@id\":\"https:\\\/\\\/www.chaireearth.org\\\/#\\\/schema\\\/logo\\\/image\\\/\",\"url\":\"https:\\\/\\\/www.chaireearth.org\\\/wp-content\\\/uploads\\\/2023\\\/04\\\/Capture-decran-2023-04-27-a-12.52.02.png\",\"contentUrl\":\"https:\\\/\\\/www.chaireearth.org\\\/wp-content\\\/uploads\\\/2023\\\/04\\\/Capture-decran-2023-04-27-a-12.52.02.png\",\"width\":572,\"height\":297,\"caption\":\"Chair Earth\"},\"image\":{\"@id\":\"https:\\\/\\\/www.chaireearth.org\\\/#\\\/schema\\\/logo\\\/image\\\/\"}}]}<\/script>\n<!-- \/ Yoast SEO plugin. -->","yoast_head_json":{"title":"Humanit\u00e9s environnementales - Axe 1 | Chaire Earth","description":"Epist\u00e9mologie Axe 1 - Projet Chaire Earth - Le champ des humanit\u00e9s environnementales nourrit les r\u00e9flexions de sp\u00e9cialistes..","robots":{"index":"index","follow":"follow","max-snippet":"max-snippet:-1","max-image-preview":"max-image-preview:large","max-video-preview":"max-video-preview:-1"},"canonical":"https:\/\/www.chaireearth.org\/en\/humanites-environnementales-axe-1\/","og_locale":"en_GB","og_type":"article","og_title":"Humanit\u00e9s environnementales - Axe 1 | Chaire Earth","og_description":"Epist\u00e9mologie Axe 1 - Projet Chaire Earth - Le champ des humanit\u00e9s environnementales nourrit les r\u00e9flexions de sp\u00e9cialistes..","og_url":"https:\/\/www.chaireearth.org\/en\/humanites-environnementales-axe-1\/","og_site_name":"Chaire Earth","article_modified_time":"2026-02-23T11:50:56+00:00","og_image":[{"width":572,"height":297,"url":"https:\/\/www.chaireearth.org\/wp-content\/uploads\/2023\/04\/Capture-decran-2023-04-27-a-12.52.02.png","type":"image\/png"}],"twitter_card":"summary_large_image","twitter_misc":{"Estimated reading time":"2 minutes"},"schema":{"@context":"https:\/\/schema.org","@graph":[{"@type":"WebPage","@id":"https:\/\/www.chaireearth.org\/humanites-environnementales-axe-1\/","url":"https:\/\/www.chaireearth.org\/humanites-environnementales-axe-1\/","name":"Humanit\u00e9s environnementales - Axe 1 | Chaire Earth","isPartOf":{"@id":"https:\/\/www.chaireearth.org\/#website"},"datePublished":"2023-05-09T12:40:56+00:00","dateModified":"2026-02-23T11:50:56+00:00","description":"Epist\u00e9mologie Axe 1 - Projet Chaire Earth - Le champ des humanit\u00e9s environnementales nourrit les r\u00e9flexions de sp\u00e9cialistes..","breadcrumb":{"@id":"https:\/\/www.chaireearth.org\/humanites-environnementales-axe-1\/#breadcrumb"},"inLanguage":"en-GB","potentialAction":[{"@type":"ReadAction","target":["https:\/\/www.chaireearth.org\/humanites-environnementales-axe-1\/"]}]},{"@type":"BreadcrumbList","@id":"https:\/\/www.chaireearth.org\/humanites-environnementales-axe-1\/#breadcrumb","itemListElement":[{"@type":"ListItem","position":1,"name":"Accueil","item":"https:\/\/www.chaireearth.org\/"},{"@type":"ListItem","position":2,"name":"Humanit\u00e9s environnementales &#8211; Axe 1"}]},{"@type":"WebSite","@id":"https:\/\/www.chaireearth.org\/#website","url":"https:\/\/www.chaireearth.org\/","name":"Chaire Earth","description":"Chaire Earth Project","publisher":{"@id":"https:\/\/www.chaireearth.org\/#organization"},"potentialAction":[{"@type":"SearchAction","target":{"@type":"EntryPoint","urlTemplate":"https:\/\/www.chaireearth.org\/?s={search_term_string}"},"query-input":{"@type":"PropertyValueSpecification","valueRequired":true,"valueName":"search_term_string"}}],"inLanguage":"en-GB"},{"@type":"Organization","@id":"https:\/\/www.chaireearth.org\/#organization","name":"Chair Earth","url":"https:\/\/www.chaireearth.org\/","logo":{"@type":"ImageObject","inLanguage":"en-GB","@id":"https:\/\/www.chaireearth.org\/#\/schema\/logo\/image\/","url":"https:\/\/www.chaireearth.org\/wp-content\/uploads\/2023\/04\/Capture-decran-2023-04-27-a-12.52.02.png","contentUrl":"https:\/\/www.chaireearth.org\/wp-content\/uploads\/2023\/04\/Capture-decran-2023-04-27-a-12.52.02.png","width":572,"height":297,"caption":"Chair Earth"},"image":{"@id":"https:\/\/www.chaireearth.org\/#\/schema\/logo\/image\/"}}]}},"_links":{"self":[{"href":"https:\/\/www.chaireearth.org\/en\/wp-json\/wp\/v2\/pages\/335","targetHints":{"allow":["GET"]}}],"collection":[{"href":"https:\/\/www.chaireearth.org\/en\/wp-json\/wp\/v2\/pages"}],"about":[{"href":"https:\/\/www.chaireearth.org\/en\/wp-json\/wp\/v2\/types\/page"}],"author":[{"embeddable":true,"href":"https:\/\/www.chaireearth.org\/en\/wp-json\/wp\/v2\/users\/1"}],"replies":[{"embeddable":true,"href":"https:\/\/www.chaireearth.org\/en\/wp-json\/wp\/v2\/comments?post=335"}],"version-history":[{"count":64,"href":"https:\/\/www.chaireearth.org\/en\/wp-json\/wp\/v2\/pages\/335\/revisions"}],"predecessor-version":[{"id":3185,"href":"https:\/\/www.chaireearth.org\/en\/wp-json\/wp\/v2\/pages\/335\/revisions\/3185"}],"wp:attachment":[{"href":"https:\/\/www.chaireearth.org\/en\/wp-json\/wp\/v2\/media?parent=335"}],"curies":[{"name":"wp","href":"https:\/\/api.w.org\/{rel}","templated":true}]}}